{"id":588,"date":"2024-08-20T21:08:34","date_gmt":"2024-08-20T21:08:34","guid":{"rendered":"https:\/\/javeriano-1-437abf.ingress-comporellon.ewp.live\/?page_id=588"},"modified":"2024-10-09T16:59:41","modified_gmt":"2024-10-09T16:59:41","slug":"innovacion-pedagogica","status":"publish","type":"page","link":"https:\/\/www.javeriano.edu.co\/javerianonew\/innovacion-pedagogica\/","title":{"rendered":"Innovaci\u00f3n Pedag\u00f3gica"},"content":{"rendered":"\t\t<div data-elementor-type=\"wp-page\" data-elementor-id=\"588\" class=\"elementor elementor-588\" data-elementor-post-type=\"page\">\n\t\t\t\t<div class=\"elementor-element elementor-element-52c722e e-flex e-con-boxed e-con e-parent\" data-id=\"52c722e\" data-element_type=\"container\" data-settings=\"{&quot;background_background&quot;:&quot;classic&quot;}\">\n\t\t\t\t\t<div class=\"e-con-inner\">\n\t\t\t\t<div class=\"elementor-element elementor-element-b89b1e1 elementor-widget elementor-widget-heading\" data-id=\"b89b1e1\" data-element_type=\"widget\" data-widget_type=\"heading.default\">\n\t\t\t\t<div class=\"elementor-widget-container\">\n\t\t\t\t\t<h2 class=\"elementor-heading-title elementor-size-default\">Innovaci\u00f3n Pedag\u00f3gica<\/h2>\t\t\t\t<\/div>\n\t\t\t\t<\/div>\n\t\t\t\t<div class=\"elementor-element elementor-element-b567eeb elementor-icon-list--layout-inline elementor-list-item-link-full_width elementor-widget elementor-widget-icon-list\" data-id=\"b567eeb\" data-element_type=\"widget\" data-widget_type=\"icon-list.default\">\n\t\t\t\t<div class=\"elementor-widget-container\">\n\t\t\t\t\t\t\t<ul class=\"elementor-icon-list-items elementor-inline-items\">\n\t\t\t\t\t\t\t<li class=\"elementor-icon-list-item elementor-inline-item\">\n\t\t\t\t\t\t\t\t\t\t<span class=\"elementor-icon-list-text\">Propuesta acad\u00e9mica<\/span>\n\t\t\t\t\t\t\t\t\t<\/li>\n\t\t\t\t\t\t\t\t<li class=\"elementor-icon-list-item elementor-inline-item\">\n\t\t\t\t\t\t\t\t\t\t<span class=\"elementor-icon-list-text\">\/<\/span>\n\t\t\t\t\t\t\t\t\t<\/li>\n\t\t\t\t\t\t\t\t<li class=\"elementor-icon-list-item elementor-inline-item\">\n\t\t\t\t\t\t\t\t\t\t<span class=\"elementor-icon-list-text\">Innovaci\u00f3n pedag\u00f3gica<\/span>\n\t\t\t\t\t\t\t\t\t<\/li>\n\t\t\t\t\t\t<\/ul>\n\t\t\t\t\t\t<\/div>\n\t\t\t\t<\/div>\n\t\t\t\t\t<\/div>\n\t\t\t\t<\/div>\n\t\t<div class=\"elementor-element elementor-element-bbe5a8d e-flex e-con-boxed e-con e-parent\" data-id=\"bbe5a8d\" data-element_type=\"container\">\n\t\t\t\t\t<div class=\"e-con-inner\">\n\t\t<div class=\"elementor-element elementor-element-a9c8792 e-con-full e-flex e-con e-child\" data-id=\"a9c8792\" data-element_type=\"container\">\n\t\t\t\t<div class=\"elementor-element elementor-element-acaa88f elementor-widget elementor-widget-heading\" data-id=\"acaa88f\" data-element_type=\"widget\" data-widget_type=\"heading.default\">\n\t\t\t\t<div class=\"elementor-widget-container\">\n\t\t\t\t\t<h2 class=\"elementor-heading-title elementor-size-default\">Nuestros prop\u00f3sitos:<\/h2>\t\t\t\t<\/div>\n\t\t\t\t<\/div>\n\t\t\t\t<div class=\"elementor-element elementor-element-8d977db elementor-widget elementor-widget-text-editor\" data-id=\"8d977db\" data-element_type=\"widget\" data-widget_type=\"text-editor.default\">\n\t\t\t\t<div class=\"elementor-widget-container\">\n\t\t\t\t\t\t\t\t\t<ul><li>La actualizaci\u00f3n creativa y mejoramiento de los Colegios de la Compa\u00f1\u00eda.<\/li><li>Contribuir a hacer del mundo un lugar m\u00e1s humano, justo y solidario.<\/li><li>Buscar la articulaci\u00f3n de cada uno de los programas y proyectos que desarrolla ACODESI (Red de colegios de la Compa\u00f1\u00eda de Jes\u00fas en Colombia), con miras a optimizar la integralidad de su propuesta educativa.<\/li><\/ul><p>Con el \u00e1nimo de contribuir al logro de estos prop\u00f3sitos, el Colegio San Francisco Javier se ha propuesto fortalecer procesos de innovaci\u00f3n pedag\u00f3gica, gracias a la elaboraci\u00f3n y apropiaci\u00f3n de conocimiento y teor\u00edas pertinentes entre maestros y estudiantes, a partir de experiencias cargadas de significado que luego podr\u00e1n aplicar, de manera creativa y propositiva, en diversas situaciones.<\/p>\t\t\t\t\t\t\t\t<\/div>\n\t\t\t\t<\/div>\n\t\t\t\t<\/div>\n\t\t<div class=\"elementor-element elementor-element-44a9787 e-con-full e-flex e-con e-child\" data-id=\"44a9787\" data-element_type=\"container\">\n\t\t\t\t<div class=\"elementor-element elementor-element-780d9d0 elementor-widget elementor-widget-image\" data-id=\"780d9d0\" data-element_type=\"widget\" data-widget_type=\"image.default\">\n\t\t\t\t<div class=\"elementor-widget-container\">\n\t\t\t\t\t\t\t\t\t\t\t\t\t\t\t<img fetchpriority=\"high\" decoding=\"async\" width=\"558\" height=\"440\" src=\"https:\/\/www.javeriano.edu.co\/javerianonew\/wp-content\/uploads\/2024\/08\/Rectangle-47.jpg\" class=\"attachment-large size-large wp-image-591\" alt=\"\" srcset=\"https:\/\/www.javeriano.edu.co\/javerianonew\/wp-content\/uploads\/2024\/08\/Rectangle-47.jpg 558w, https:\/\/www.javeriano.edu.co\/javerianonew\/wp-content\/uploads\/2024\/08\/Rectangle-47-300x237.jpg 300w\" sizes=\"(max-width: 558px) 100vw, 558px\" \/>\t\t\t\t\t\t\t\t\t\t\t\t\t\t\t<\/div>\n\t\t\t\t<\/div>\n\t\t\t\t<\/div>\n\t\t\t\t\t<\/div>\n\t\t\t\t<\/div>\n\t\t<div class=\"elementor-element elementor-element-88e4e1a e-flex e-con-boxed e-con e-parent\" data-id=\"88e4e1a\" data-element_type=\"container\">\n\t\t\t\t\t<div class=\"e-con-inner\">\n\t\t<div class=\"elementor-element elementor-element-135341c e-con-full e-flex e-con e-child\" data-id=\"135341c\" data-element_type=\"container\">\n\t\t\t\t<div class=\"elementor-element elementor-element-630597f elementor-widget elementor-widget-image\" data-id=\"630597f\" data-element_type=\"widget\" data-widget_type=\"image.default\">\n\t\t\t\t<div class=\"elementor-widget-container\">\n\t\t\t\t\t\t\t\t\t\t\t\t\t\t\t<img decoding=\"async\" width=\"559\" height=\"440\" src=\"https:\/\/www.javeriano.edu.co\/javerianonew\/wp-content\/uploads\/2024\/08\/Rectangle-48.jpg\" class=\"attachment-large size-large wp-image-595\" alt=\"\" srcset=\"https:\/\/www.javeriano.edu.co\/javerianonew\/wp-content\/uploads\/2024\/08\/Rectangle-48.jpg 559w, https:\/\/www.javeriano.edu.co\/javerianonew\/wp-content\/uploads\/2024\/08\/Rectangle-48-300x236.jpg 300w\" sizes=\"(max-width: 559px) 100vw, 559px\" \/>\t\t\t\t\t\t\t\t\t\t\t\t\t\t\t<\/div>\n\t\t\t\t<\/div>\n\t\t\t\t<\/div>\n\t\t<div class=\"elementor-element elementor-element-f1e19d0 e-con-full e-flex e-con e-child\" data-id=\"f1e19d0\" data-element_type=\"container\">\n\t\t\t\t<div class=\"elementor-element elementor-element-cacc1d9 elementor-widget elementor-widget-heading\" data-id=\"cacc1d9\" data-element_type=\"widget\" data-widget_type=\"heading.default\">\n\t\t\t\t<div class=\"elementor-widget-container\">\n\t\t\t\t\t<h2 class=\"elementor-heading-title elementor-size-default\">La Ignacianidad en la Innovaci\u00f3n\nPedag\u00f3gica<\/h2>\t\t\t\t<\/div>\n\t\t\t\t<\/div>\n\t\t\t\t<div class=\"elementor-element elementor-element-3af7b49 elementor-widget-divider--view-line elementor-widget elementor-widget-divider\" data-id=\"3af7b49\" data-element_type=\"widget\" data-widget_type=\"divider.default\">\n\t\t\t\t<div class=\"elementor-widget-container\">\n\t\t\t\t\t\t\t<div class=\"elementor-divider\">\n\t\t\t<span class=\"elementor-divider-separator\">\n\t\t\t\t\t\t<\/span>\n\t\t<\/div>\n\t\t\t\t\t\t<\/div>\n\t\t\t\t<\/div>\n\t\t\t\t<div class=\"elementor-element elementor-element-762a8b1 elementor-widget elementor-widget-text-editor\" data-id=\"762a8b1\" data-element_type=\"widget\" data-widget_type=\"text-editor.default\">\n\t\t\t\t<div class=\"elementor-widget-container\">\n\t\t\t\t\t\t\t\t\t<p>San Ignacio nos invita a tomar conciencia y a reconocer la acci\u00f3n de Dios, del Dios Creador, que se da totalmente, nos regala la existencia, nos hace parte del universo, para que seamos felices. Esta invitaci\u00f3n pide mirar la realidad con los ojos de la fe, para descubrir el amor de Dios, presente en todas partes para terminar siendo nosotros mismos, amor creador, amando y sirviendo como \u00c9l nos ama y nos sirve.<\/p><p>La plenitud de la experiencia del amor de Dios nos va llevando, de una manera natural, a transformarnos en cocreadores, servidores y custodios de la creaci\u00f3n. Amando al buen Dios en todas las criaturas, en los alumnos y sus familias, superando una experiencia de Dios que pueda quedar en una admiraci\u00f3n perpleja o llevar a la contemplaci\u00f3n pasiva del Se\u00f1or, sin la acci\u00f3n que requiere el proyecto de vida.<\/p>\t\t\t\t\t\t\t\t<\/div>\n\t\t\t\t<\/div>\n\t\t\t\t<\/div>\n\t\t\t\t\t<\/div>\n\t\t\t\t<\/div>\n\t\t<div class=\"elementor-element elementor-element-5715b4a e-flex e-con-boxed e-con e-parent\" data-id=\"5715b4a\" data-element_type=\"container\">\n\t\t\t\t\t<div class=\"e-con-inner\">\n\t\t\t\t<div class=\"elementor-element elementor-element-4361cb6 elementor-widget elementor-widget-heading\" data-id=\"4361cb6\" data-element_type=\"widget\" data-widget_type=\"heading.default\">\n\t\t\t\t<div class=\"elementor-widget-container\">\n\t\t\t\t\t<h2 class=\"elementor-heading-title elementor-size-default\">Una propuesta centrada en la construcci\u00f3n de conocimiento y aprendizajes<\/h2>\t\t\t\t<\/div>\n\t\t\t\t<\/div>\n\t\t\t\t<div class=\"elementor-element elementor-element-44aa1e2 elementor-widget-divider--view-line elementor-widget elementor-widget-divider\" data-id=\"44aa1e2\" data-element_type=\"widget\" data-widget_type=\"divider.default\">\n\t\t\t\t<div class=\"elementor-widget-container\">\n\t\t\t\t\t\t\t<div class=\"elementor-divider\">\n\t\t\t<span class=\"elementor-divider-separator\">\n\t\t\t\t\t\t<\/span>\n\t\t<\/div>\n\t\t\t\t\t\t<\/div>\n\t\t\t\t<\/div>\n\t\t\t\t\t<\/div>\n\t\t\t\t<\/div>\n\t\t<div class=\"elementor-element elementor-element-5e3ada3 e-flex e-con-boxed e-con e-parent\" data-id=\"5e3ada3\" data-element_type=\"container\">\n\t\t\t\t\t<div class=\"e-con-inner\">\n\t\t<div class=\"elementor-element elementor-element-164b408 e-con-full e-flex e-con e-child\" data-id=\"164b408\" data-element_type=\"container\">\n\t\t\t\t<div class=\"elementor-element elementor-element-82672f4 elementor-widget elementor-widget-text-editor\" data-id=\"82672f4\" data-element_type=\"widget\" data-widget_type=\"text-editor.default\">\n\t\t\t\t<div class=\"elementor-widget-container\">\n\t\t\t\t\t\t\t\t\t<p>Estamos dando m\u00e1s \u00e9nfasis al desarrollo de habilidades de pensamiento, comprensi\u00f3n de procesos y contextos, an\u00e1lisis, identificaci\u00f3n de potencialidades y retos, capacidad propositiva y creativa. Simult\u00e1neamente se han puesto medios para que el proceso de aprendizaje est\u00e9 m\u00e1s centrado en la construcci\u00f3n de conocimiento (y desarrollo de habilidades) por parte de los estudiantes que, en la transmisi\u00f3n de conocimientos, por parte de los profesores.<\/p>\t\t\t\t\t\t\t\t<\/div>\n\t\t\t\t<\/div>\n\t\t\t\t<div class=\"elementor-element elementor-element-e28a0ad elementor-widget elementor-widget-image\" data-id=\"e28a0ad\" data-element_type=\"widget\" data-widget_type=\"image.default\">\n\t\t\t\t<div class=\"elementor-widget-container\">\n\t\t\t\t\t\t\t\t\t\t\t\t\t\t\t<img decoding=\"async\" width=\"768\" height=\"503\" src=\"https:\/\/www.javeriano.edu.co\/javerianonew\/wp-content\/uploads\/2024\/10\/preescolar4-768x503.webp\" class=\"attachment-medium_large size-medium_large wp-image-2745\" alt=\"\" srcset=\"https:\/\/www.javeriano.edu.co\/javerianonew\/wp-content\/uploads\/2024\/10\/preescolar4-768x503.webp 768w, https:\/\/www.javeriano.edu.co\/javerianonew\/wp-content\/uploads\/2024\/10\/preescolar4-300x197.webp 300w, https:\/\/www.javeriano.edu.co\/javerianonew\/wp-content\/uploads\/2024\/10\/preescolar4-280x183.webp 280w, https:\/\/www.javeriano.edu.co\/javerianonew\/wp-content\/uploads\/2024\/10\/preescolar4.webp 1024w\" sizes=\"(max-width: 768px) 100vw, 768px\" \/>\t\t\t\t\t\t\t\t\t\t\t\t\t\t\t<\/div>\n\t\t\t\t<\/div>\n\t\t\t\t<\/div>\n\t\t<div class=\"elementor-element elementor-element-9e635fa e-con-full e-flex e-con e-child\" data-id=\"9e635fa\" data-element_type=\"container\">\n\t\t\t\t<div class=\"elementor-element elementor-element-642ac9a elementor-widget elementor-widget-text-editor\" data-id=\"642ac9a\" data-element_type=\"widget\" data-widget_type=\"text-editor.default\">\n\t\t\t\t<div class=\"elementor-widget-container\">\n\t\t\t\t\t\t\t\t\t<p><span style=\"letter-spacing: 0.33px; color: var( --e-global-color-text ); text-align: var(--text-align);\">Hemos optado decididamente por pedagog\u00edas activas, haciendo \u00e9nfasis en el desarrollo de habilidades y capacidades para la comprensi\u00f3n de realidades complejas; de situaciones actuales y de los procesos hist\u00f3ricos que ayudar\u00edan a entenderlos; en la ubicaci\u00f3n de hechos\u00a0<\/span>aparentemente aislados, en su contexto, para identificar oportuna y acertadamente potencialidades y retos, as\u00ed como para el desarrollo de un esp\u00edritu anal\u00edtico, creativo y propositivo;\u00a0al desarrollo de talentos art\u00edsticos, deportivos y corporales, de comunicaci\u00f3n, etc. Todo esto hace parte de un giro que empieza a darse desde la formaci\u00f3n cient\u00edfico \u2013 humanista tradicional, hacia la formaci\u00f3n t\u00e9cnico \u2013 profesional. Se trata de avanzar hacia una educaci\u00f3n m\u00e1s pr\u00e1ctica, para la formaci\u00f3n de personas comprometidas y propositivas para el cuidado y la restauraci\u00f3n de nuestra casa com\u00fan. Los \u00e9nfasis en las capacidades te\u00f3ricas, anal\u00edticas y cr\u00edticas que no logran avanzar creativamente en el campo de las propuestas y de su aplicaci\u00f3n, han demostrado ser inconvenientes e insuficientes.<\/p>\t\t\t\t\t\t\t\t<\/div>\n\t\t\t\t<\/div>\n\t\t\t\t<\/div>\n\t\t\t\t\t<\/div>\n\t\t\t\t<\/div>\n\t\t<div class=\"elementor-element elementor-element-4bdc16d e-flex e-con-boxed e-con e-parent\" data-id=\"4bdc16d\" data-element_type=\"container\">\n\t\t\t\t\t<div class=\"e-con-inner\">\n\t\t\t\t<div class=\"elementor-element elementor-element-3ec9113 elementor-widget elementor-widget-heading\" data-id=\"3ec9113\" data-element_type=\"widget\" data-widget_type=\"heading.default\">\n\t\t\t\t<div class=\"elementor-widget-container\">\n\t\t\t\t\t<h2 class=\"elementor-heading-title elementor-size-default\">Niveles educativos<\/h2>\t\t\t\t<\/div>\n\t\t\t\t<\/div>\n\t\t\t\t<div class=\"elementor-element elementor-element-0231ec7 elementor-widget-divider--view-line elementor-widget elementor-widget-divider\" data-id=\"0231ec7\" data-element_type=\"widget\" data-widget_type=\"divider.default\">\n\t\t\t\t<div class=\"elementor-widget-container\">\n\t\t\t\t\t\t\t<div class=\"elementor-divider\">\n\t\t\t<span class=\"elementor-divider-separator\">\n\t\t\t\t\t\t<\/span>\n\t\t<\/div>\n\t\t\t\t\t\t<\/div>\n\t\t\t\t<\/div>\n\t\t\t\t\t<\/div>\n\t\t\t\t<\/div>\n\t\t<div class=\"elementor-element elementor-element-25b2a39 e-flex e-con-boxed e-con e-parent\" data-id=\"25b2a39\" data-element_type=\"container\">\n\t\t\t\t\t<div class=\"e-con-inner\">\n\t\t<div class=\"elementor-element elementor-element-810eed6 e-con-full e-flex e-con e-child\" data-id=\"810eed6\" data-element_type=\"container\">\n\t\t\t\t<div class=\"elementor-element elementor-element-67cafd4 elementor-widget elementor-widget-heading\" data-id=\"67cafd4\" data-element_type=\"widget\" data-widget_type=\"heading.default\">\n\t\t\t\t<div class=\"elementor-widget-container\">\n\t\t\t\t\t<h2 class=\"elementor-heading-title elementor-size-default\">Preescolar<\/h2>\t\t\t\t<\/div>\n\t\t\t\t<\/div>\n\t\t\t\t<div class=\"elementor-element elementor-element-dd027ac elementor-widget elementor-widget-text-editor\" data-id=\"dd027ac\" data-element_type=\"widget\" data-widget_type=\"text-editor.default\">\n\t\t\t\t<div class=\"elementor-widget-container\">\n\t\t\t\t\t\t\t\t\t<p>En el Preescolar Javeriano se ofrecen servicios educativos desde P\u00e1rvulos, Prejard\u00edn, Jard\u00edn y Transici\u00f3n.\u00a0 Los ni\u00f1os y ni\u00f1as gozan su paso por el Preescolar Javeriano aprendiendo a trav\u00e9s de experiencias significativas en proyectos integrados de aprendizaje, que favorecen el contacto con la naturaleza, la cotidianidad del hogar, la investigaci\u00f3n y la socializaci\u00f3n con sus pares. El canto, el baile, el deporte y el manejo de las TIC\u00b4s tambi\u00e9n est\u00e1n incluidas en la propuesta.<\/p><p>Horarios presencial: 7:25 am a 11:30 am y de 2:00 pm a 4:00 pm<\/p>\t\t\t\t\t\t\t\t<\/div>\n\t\t\t\t<\/div>\n\t\t\t\t<\/div>\n\t\t<div class=\"elementor-element elementor-element-4ecb495 e-con-full e-flex e-con e-child\" data-id=\"4ecb495\" data-element_type=\"container\">\n\t\t\t\t<div class=\"elementor-element elementor-element-2298836 elementor-widget elementor-widget-image\" data-id=\"2298836\" data-element_type=\"widget\" data-widget_type=\"image.default\">\n\t\t\t\t<div class=\"elementor-widget-container\">\n\t\t\t\t\t\t\t\t\t\t\t\t\t\t\t<img loading=\"lazy\" decoding=\"async\" width=\"800\" height=\"534\" src=\"https:\/\/www.javeriano.edu.co\/javerianonew\/wp-content\/uploads\/2024\/10\/preescolar1.webp\" class=\"attachment-large size-large wp-image-2743\" alt=\"\" srcset=\"https:\/\/www.javeriano.edu.co\/javerianonew\/wp-content\/uploads\/2024\/10\/preescolar1.webp 1024w, https:\/\/www.javeriano.edu.co\/javerianonew\/wp-content\/uploads\/2024\/10\/preescolar1-300x200.webp 300w, https:\/\/www.javeriano.edu.co\/javerianonew\/wp-content\/uploads\/2024\/10\/preescolar1-768x512.webp 768w, https:\/\/www.javeriano.edu.co\/javerianonew\/wp-content\/uploads\/2024\/10\/preescolar1-280x187.webp 280w\" sizes=\"(max-width: 800px) 100vw, 800px\" \/>\t\t\t\t\t\t\t\t\t\t\t\t\t\t\t<\/div>\n\t\t\t\t<\/div>\n\t\t\t\t<\/div>\n\t\t\t\t\t<\/div>\n\t\t\t\t<\/div>\n\t\t<div class=\"elementor-element elementor-element-6ba8e48 e-flex e-con-boxed e-con e-parent\" data-id=\"6ba8e48\" data-element_type=\"container\">\n\t\t\t\t\t<div class=\"e-con-inner\">\n\t\t<div class=\"elementor-element elementor-element-fbf3d90 e-con-full e-flex e-con e-child\" data-id=\"fbf3d90\" data-element_type=\"container\">\n\t\t\t\t<div class=\"elementor-element elementor-element-853556b elementor-widget elementor-widget-image\" data-id=\"853556b\" data-element_type=\"widget\" data-widget_type=\"image.default\">\n\t\t\t\t<div class=\"elementor-widget-container\">\n\t\t\t\t\t\t\t\t\t\t\t\t\t\t\t<img loading=\"lazy\" decoding=\"async\" width=\"727\" height=\"462\" src=\"https:\/\/www.javeriano.edu.co\/javerianonew\/wp-content\/uploads\/2024\/08\/Rectangle-53.jpg\" class=\"attachment-large size-large wp-image-623\" alt=\"\" srcset=\"https:\/\/www.javeriano.edu.co\/javerianonew\/wp-content\/uploads\/2024\/08\/Rectangle-53.jpg 727w, https:\/\/www.javeriano.edu.co\/javerianonew\/wp-content\/uploads\/2024\/08\/Rectangle-53-300x191.jpg 300w\" sizes=\"(max-width: 727px) 100vw, 727px\" \/>\t\t\t\t\t\t\t\t\t\t\t\t\t\t\t<\/div>\n\t\t\t\t<\/div>\n\t\t\t\t<\/div>\n\t\t<div class=\"elementor-element elementor-element-6462656 e-con-full e-flex e-con e-child\" data-id=\"6462656\" data-element_type=\"container\">\n\t\t\t\t<div class=\"elementor-element elementor-element-3dd3b06 elementor-widget elementor-widget-heading\" data-id=\"3dd3b06\" data-element_type=\"widget\" data-widget_type=\"heading.default\">\n\t\t\t\t<div class=\"elementor-widget-container\">\n\t\t\t\t\t<h2 class=\"elementor-heading-title elementor-size-default\">Primaria<\/h2>\t\t\t\t<\/div>\n\t\t\t\t<\/div>\n\t\t\t\t<div class=\"elementor-element elementor-element-2251d1b elementor-widget elementor-widget-text-editor\" data-id=\"2251d1b\" data-element_type=\"widget\" data-widget_type=\"text-editor.default\">\n\t\t\t\t<div class=\"elementor-widget-container\">\n\t\t\t\t\t\t\t\t\t<p>La propuesta educativa en la Primaria se desarrolla a trav\u00e9s de\u00a0proyectos de aula\u00a0que posibilitan la participaci\u00f3n de los\/as estudiantes en procesos de investigaci\u00f3n y en el desarrollo de aprendizajes significativos en el marco pedag\u00f3gico de la Educaci\u00f3n Personalizada, buscando el desarrollo integral y arm\u00f3nico de nuestros ni\u00f1os y ni\u00f1as.<\/p><p>Horarios presencial: 7:25 am a 12:00 am y de 2:00 pm a 4:30 pm.<\/p>\t\t\t\t\t\t\t\t<\/div>\n\t\t\t\t<\/div>\n\t\t\t\t<\/div>\n\t\t\t\t\t<\/div>\n\t\t\t\t<\/div>\n\t\t<div class=\"elementor-element elementor-element-f664adb e-flex e-con-boxed e-con e-parent\" data-id=\"f664adb\" data-element_type=\"container\">\n\t\t\t\t\t<div class=\"e-con-inner\">\n\t\t<div class=\"elementor-element elementor-element-98fb186 e-con-full e-flex e-con e-child\" data-id=\"98fb186\" data-element_type=\"container\">\n\t\t\t\t<div class=\"elementor-element elementor-element-13d13b6 elementor-widget elementor-widget-heading\" data-id=\"13d13b6\" data-element_type=\"widget\" data-widget_type=\"heading.default\">\n\t\t\t\t<div class=\"elementor-widget-container\">\n\t\t\t\t\t<h2 class=\"elementor-heading-title elementor-size-default\">Bachillerato<\/h2>\t\t\t\t<\/div>\n\t\t\t\t<\/div>\n\t\t\t\t<div class=\"elementor-element elementor-element-1fd5b72 elementor-widget elementor-widget-text-editor\" data-id=\"1fd5b72\" data-element_type=\"widget\" data-widget_type=\"text-editor.default\">\n\t\t\t\t<div class=\"elementor-widget-container\">\n\t\t\t\t\t\t\t\t\t<p>Los proyectos integrados de aprendizaje est\u00e1n cada vez m\u00e1s vinculados con el territorio. En 10\u00b0 y 11\u00b0, con el inter\u00e9s vocacional de los estudiantes y el emprendimiento empresarial. En grado 11\u00b0 los javerianos tienen la oportunidad de hacer visitas a diferentes empresas y universidades de acuerdo con algunas \u00e1reas de inter\u00e9s: Ciencias f\u00edsicas- matem\u00e1ticas, Ciencias de la salud y Ciencias econ\u00f3micas-administrativas.<\/p><p>Horarios presencial: 7:25 am a 12:00 am y de 2:00 pm a 4:30 pm.<\/p>\t\t\t\t\t\t\t\t<\/div>\n\t\t\t\t<\/div>\n\t\t\t\t<\/div>\n\t\t<div class=\"elementor-element elementor-element-96776c7 e-con-full e-flex e-con e-child\" data-id=\"96776c7\" data-element_type=\"container\">\n\t\t\t\t<div class=\"elementor-element elementor-element-3abc74b elementor-widget elementor-widget-image\" data-id=\"3abc74b\" data-element_type=\"widget\" data-widget_type=\"image.default\">\n\t\t\t\t<div class=\"elementor-widget-container\">\n\t\t\t\t\t\t\t\t\t\t\t\t\t\t\t<img loading=\"lazy\" decoding=\"async\" width=\"748\" height=\"366\" src=\"https:\/\/www.javeriano.edu.co\/javerianonew\/wp-content\/uploads\/2024\/08\/Rectangle-55.jpg\" class=\"attachment-large size-large wp-image-625\" alt=\"\" srcset=\"https:\/\/www.javeriano.edu.co\/javerianonew\/wp-content\/uploads\/2024\/08\/Rectangle-55.jpg 748w, https:\/\/www.javeriano.edu.co\/javerianonew\/wp-content\/uploads\/2024\/08\/Rectangle-55-300x147.jpg 300w\" sizes=\"(max-width: 748px) 100vw, 748px\" \/>\t\t\t\t\t\t\t\t\t\t\t\t\t\t\t<\/div>\n\t\t\t\t<\/div>\n\t\t\t\t<\/div>\n\t\t\t\t\t<\/div>\n\t\t\t\t<\/div>\n\t\t<div class=\"elementor-element elementor-element-6163934 e-flex e-con-boxed e-con e-parent\" data-id=\"6163934\" data-element_type=\"container\" data-settings=\"{&quot;background_background&quot;:&quot;classic&quot;}\">\n\t\t\t\t\t<div class=\"e-con-inner\">\n\t\t<div class=\"elementor-element elementor-element-6abed61 e-con-full e-flex e-con e-child\" data-id=\"6abed61\" data-element_type=\"container\">\n\t\t\t\t<div class=\"elementor-element elementor-element-a8d9eab elementor-widget elementor-widget-heading\" data-id=\"a8d9eab\" data-element_type=\"widget\" data-widget_type=\"heading.default\">\n\t\t\t\t<div class=\"elementor-widget-container\">\n\t\t\t\t\t<h2 class=\"elementor-heading-title elementor-size-default\">Un  equipo comprometido\ncon la formaci\u00f3n de l\u00edderes del futuro<\/h2>\t\t\t\t<\/div>\n\t\t\t\t<\/div>\n\t\t\t\t<div class=\"elementor-element elementor-element-80c9188 elementor-widget elementor-widget-button\" data-id=\"80c9188\" data-element_type=\"widget\" data-widget_type=\"button.default\">\n\t\t\t\t<div class=\"elementor-widget-container\">\n\t\t\t\t\t\t\t\t\t<div class=\"elementor-button-wrapper\">\n\t\t\t\t\t<a class=\"elementor-button elementor-button-link elementor-size-sm\" href=\"\/areasfuncionales\">\n\t\t\t\t\t\t<span class=\"elementor-button-content-wrapper\">\n\t\t\t\t\t\t<span class=\"elementor-button-icon\">\n\t\t\t\t<svg aria-hidden=\"true\" class=\"e-font-icon-svg e-fas-arrow-right\" viewBox=\"0 0 448 512\" xmlns=\"http:\/\/www.w3.org\/2000\/svg\"><path d=\"M190.5 66.9l22.2-22.2c9.4-9.4 24.6-9.4 33.9 0L441 239c9.4 9.4 9.4 24.6 0 33.9L246.6 467.3c-9.4 9.4-24.6 9.4-33.9 0l-22.2-22.2c-9.5-9.5-9.3-25 .4-34.3L311.4 296H24c-13.3 0-24-10.7-24-24v-32c0-13.3 10.7-24 24-24h287.4L190.9 101.2c-9.8-9.3-10-24.8-.4-34.3z\"><\/path><\/svg>\t\t\t<\/span>\n\t\t\t\t\t\t\t\t\t<span class=\"elementor-button-text\">Areas Funcionales<\/span>\n\t\t\t\t\t<\/span>\n\t\t\t\t\t<\/a>\n\t\t\t\t<\/div>\n\t\t\t\t\t\t\t\t<\/div>\n\t\t\t\t<\/div>\n\t\t\t\t<\/div>\n\t\t<div class=\"elementor-element elementor-element-15f52f0 e-con-full e-flex e-con e-child\" data-id=\"15f52f0\" data-element_type=\"container\">\n\t\t\t\t<div class=\"elementor-element elementor-element-3cb3daa elementor-widget elementor-widget-heading\" data-id=\"3cb3daa\" data-element_type=\"widget\" data-widget_type=\"heading.default\">\n\t\t\t\t<div class=\"elementor-widget-container\">\n\t\t\t\t\t<h2 class=\"elementor-heading-title elementor-size-default\">Inicia tu proceso de admisi\u00f3n<\/h2>\t\t\t\t<\/div>\n\t\t\t\t<\/div>\n\t\t\t\t<div class=\"elementor-element elementor-element-c009903 elementor-align-left elementor-widget elementor-widget-button\" data-id=\"c009903\" data-element_type=\"widget\" data-widget_type=\"button.default\">\n\t\t\t\t<div class=\"elementor-widget-container\">\n\t\t\t\t\t\t\t\t\t<div class=\"elementor-button-wrapper\">\n\t\t\t\t\t<a class=\"elementor-button elementor-button-link elementor-size-sm\" href=\"https:\/\/www.javeriano.edu.co\/javerianonew\/admisiones\/\">\n\t\t\t\t\t\t<span class=\"elementor-button-content-wrapper\">\n\t\t\t\t\t\t<span class=\"elementor-button-icon\">\n\t\t\t\t<svg aria-hidden=\"true\" class=\"e-font-icon-svg e-fas-arrow-right\" viewBox=\"0 0 448 512\" xmlns=\"http:\/\/www.w3.org\/2000\/svg\"><path d=\"M190.5 66.9l22.2-22.2c9.4-9.4 24.6-9.4 33.9 0L441 239c9.4 9.4 9.4 24.6 0 33.9L246.6 467.3c-9.4 9.4-24.6 9.4-33.9 0l-22.2-22.2c-9.5-9.5-9.3-25 .4-34.3L311.4 296H24c-13.3 0-24-10.7-24-24v-32c0-13.3 10.7-24 24-24h287.4L190.9 101.2c-9.8-9.3-10-24.8-.4-34.3z\"><\/path><\/svg>\t\t\t<\/span>\n\t\t\t\t\t\t\t\t\t<span class=\"elementor-button-text\">Admisiones<\/span>\n\t\t\t\t\t<\/span>\n\t\t\t\t\t<\/a>\n\t\t\t\t<\/div>\n\t\t\t\t\t\t\t\t<\/div>\n\t\t\t\t<\/div>\n\t\t\t\t<\/div>\n\t\t<div class=\"elementor-element elementor-element-7d4598e e-con-full e-flex e-con e-child\" data-id=\"7d4598e\" data-element_type=\"container\">\n\t\t\t\t<div class=\"elementor-element elementor-element-9bec14a elementor-widget elementor-widget-image\" data-id=\"9bec14a\" data-element_type=\"widget\" data-widget_type=\"image.default\">\n\t\t\t\t<div class=\"elementor-widget-container\">\n\t\t\t\t\t\t\t\t\t\t\t\t\t\t\t<img loading=\"lazy\" decoding=\"async\" width=\"800\" height=\"432\" src=\"https:\/\/www.javeriano.edu.co\/javerianonew\/wp-content\/uploads\/2024\/10\/voluntariado-1024x553.webp\" class=\"attachment-large size-large wp-image-2502\" alt=\"\" srcset=\"https:\/\/www.javeriano.edu.co\/javerianonew\/wp-content\/uploads\/2024\/10\/voluntariado-1024x553.webp 1024w, https:\/\/www.javeriano.edu.co\/javerianonew\/wp-content\/uploads\/2024\/10\/voluntariado-300x162.webp 300w, https:\/\/www.javeriano.edu.co\/javerianonew\/wp-content\/uploads\/2024\/10\/voluntariado-768x415.webp 768w, https:\/\/www.javeriano.edu.co\/javerianonew\/wp-content\/uploads\/2024\/10\/voluntariado-280x151.webp 280w, https:\/\/www.javeriano.edu.co\/javerianonew\/wp-content\/uploads\/2024\/10\/voluntariado.webp 1280w\" sizes=\"(max-width: 800px) 100vw, 800px\" \/>\t\t\t\t\t\t\t\t\t\t\t\t\t\t\t<\/div>\n\t\t\t\t<\/div>\n\t\t\t\t<\/div>\n\t\t\t\t\t<\/div>\n\t\t\t\t<\/div>\n\t\t<div class=\"elementor-element elementor-element-1dc2dde e-flex e-con-boxed e-con e-parent\" data-id=\"1dc2dde\" data-element_type=\"container\">\n\t\t\t\t\t<div class=\"e-con-inner\">\n\t\t\t\t<div class=\"elementor-element elementor-element-b2dfd4a elementor-widget elementor-widget-heading\" data-id=\"b2dfd4a\" data-element_type=\"widget\" data-widget_type=\"heading.default\">\n\t\t\t\t<div class=\"elementor-widget-container\">\n\t\t\t\t\t<h3 class=\"elementor-heading-title elementor-size-default\">Formando l\u00edderes desde el \u00e1rea de Pastoral<\/h3>\t\t\t\t<\/div>\n\t\t\t\t<\/div>\n\t\t\t\t\t<\/div>\n\t\t\t\t<\/div>\n\t\t<div class=\"elementor-element elementor-element-fbb9ca9 e-flex e-con-boxed e-con e-parent\" data-id=\"fbb9ca9\" data-element_type=\"container\" data-settings=\"{&quot;background_background&quot;:&quot;classic&quot;}\">\n\t\t\t\t\t<div class=\"e-con-inner\">\n\t\t<div class=\"elementor-element elementor-element-26182dd e-con-full e-flex e-con e-child\" data-id=\"26182dd\" data-element_type=\"container\">\n\t\t\t\t<div class=\"elementor-element elementor-element-87dc1c5 elementor-widget__width-initial elementor-widget elementor-widget-image\" data-id=\"87dc1c5\" data-element_type=\"widget\" data-widget_type=\"image.default\">\n\t\t\t\t<div class=\"elementor-widget-container\">\n\t\t\t\t\t\t\t\t\t\t\t\t<figure class=\"wp-caption\">\n\t\t\t\t\t\t\t\t\t\t<img loading=\"lazy\" decoding=\"async\" width=\"800\" height=\"349\" src=\"https:\/\/www.javeriano.edu.co\/javerianonew\/wp-content\/uploads\/2024\/10\/lifoli-1024x447.webp\" class=\"attachment-large size-large wp-image-2459\" alt=\"\" srcset=\"https:\/\/www.javeriano.edu.co\/javerianonew\/wp-content\/uploads\/2024\/10\/lifoli-1024x447.webp 1024w, https:\/\/www.javeriano.edu.co\/javerianonew\/wp-content\/uploads\/2024\/10\/lifoli-300x131.webp 300w, https:\/\/www.javeriano.edu.co\/javerianonew\/wp-content\/uploads\/2024\/10\/lifoli-768x335.webp 768w, https:\/\/www.javeriano.edu.co\/javerianonew\/wp-content\/uploads\/2024\/10\/lifoli-280x122.webp 280w, https:\/\/www.javeriano.edu.co\/javerianonew\/wp-content\/uploads\/2024\/10\/lifoli.webp 1200w\" sizes=\"(max-width: 800px) 100vw, 800px\" \/>\t\t\t\t\t\t\t\t\t\t\t<figcaption class=\"widget-image-caption wp-caption-text\">Sapein: En la experiencia central de la SAPEIN  convergen los objetivos de los diferentes programas de nuestra propuesta educativa.<\/figcaption>\n\t\t\t\t\t\t\t\t\t\t<\/figure>\n\t\t\t\t\t\t\t\t\t<\/div>\n\t\t\t\t<\/div>\n\t\t\t\t<\/div>\n\t\t<div class=\"elementor-element elementor-element-83e3e4b e-con-full e-flex e-con e-child\" data-id=\"83e3e4b\" data-element_type=\"container\">\n\t\t\t\t<div class=\"elementor-element elementor-element-c978d5d elementor-widget elementor-widget-image\" data-id=\"c978d5d\" data-element_type=\"widget\" data-widget_type=\"image.default\">\n\t\t\t\t<div class=\"elementor-widget-container\">\n\t\t\t\t\t\t\t\t\t\t\t\t<figure class=\"wp-caption\">\n\t\t\t\t\t\t\t\t\t\t<img loading=\"lazy\" decoding=\"async\" width=\"1000\" height=\"491\" src=\"https:\/\/www.javeriano.edu.co\/javerianonew\/wp-content\/uploads\/2024\/08\/manresa1-e1727811642290.jpg\" class=\"attachment-1536x1536 size-1536x1536 wp-image-2275\" alt=\"\" srcset=\"https:\/\/www.javeriano.edu.co\/javerianonew\/wp-content\/uploads\/2024\/08\/manresa1-e1727811642290.jpg 1000w, https:\/\/www.javeriano.edu.co\/javerianonew\/wp-content\/uploads\/2024\/08\/manresa1-e1727811642290-300x147.jpg 300w, https:\/\/www.javeriano.edu.co\/javerianonew\/wp-content\/uploads\/2024\/08\/manresa1-e1727811642290-768x377.jpg 768w, https:\/\/www.javeriano.edu.co\/javerianonew\/wp-content\/uploads\/2024\/08\/manresa1-e1727811642290-280x137.jpg 280w\" sizes=\"(max-width: 1000px) 100vw, 1000px\" \/>\t\t\t\t\t\t\t\t\t\t\t<figcaption class=\"widget-image-caption wp-caption-text\">Curso Taller: El trasfondo espiritual del curso taller nos permite orientar una serie de experiencias en las cuales el cursante tiene la oportunidad de tomar consciencia de su realidad<\/figcaption>\n\t\t\t\t\t\t\t\t\t\t<\/figure>\n\t\t\t\t\t\t\t\t\t<\/div>\n\t\t\t\t<\/div>\n\t\t\t\t<\/div>\n\t\t<div class=\"elementor-element elementor-element-13d9856 e-con-full e-flex e-con e-child\" data-id=\"13d9856\" data-element_type=\"container\">\n\t\t\t\t<div class=\"elementor-element elementor-element-e0254cf elementor-widget__width-initial elementor-widget elementor-widget-image\" data-id=\"e0254cf\" data-element_type=\"widget\" data-widget_type=\"image.default\">\n\t\t\t\t<div class=\"elementor-widget-container\">\n\t\t\t\t\t\t\t\t\t\t\t\t<figure class=\"wp-caption\">\n\t\t\t\t\t\t\t\t\t\t<img loading=\"lazy\" decoding=\"async\" width=\"800\" height=\"450\" src=\"https:\/\/www.javeriano.edu.co\/javerianonew\/wp-content\/uploads\/2024\/08\/manresa2.jpg\" class=\"attachment-large size-large wp-image-2274\" alt=\"\" srcset=\"https:\/\/www.javeriano.edu.co\/javerianonew\/wp-content\/uploads\/2024\/08\/manresa2.jpg 1000w, https:\/\/www.javeriano.edu.co\/javerianonew\/wp-content\/uploads\/2024\/08\/manresa2-300x169.jpg 300w, https:\/\/www.javeriano.edu.co\/javerianonew\/wp-content\/uploads\/2024\/08\/manresa2-768x432.jpg 768w, https:\/\/www.javeriano.edu.co\/javerianonew\/wp-content\/uploads\/2024\/08\/manresa2-280x158.jpg 280w\" sizes=\"(max-width: 800px) 100vw, 800px\" \/>\t\t\t\t\t\t\t\t\t\t\t<figcaption class=\"widget-image-caption wp-caption-text\">Formaci\u00f3n Asesores Pastoral: Algunos estudiantes son llamados a formarse con el equipo de Pastoral para asesorar diferentes programas, actividades, celebraciones y grupos.<\/figcaption>\n\t\t\t\t\t\t\t\t\t\t<\/figure>\n\t\t\t\t\t\t\t\t\t<\/div>\n\t\t\t\t<\/div>\n\t\t\t\t<div class=\"elementor-element elementor-element-a1e3ded elementor-widget__width-initial elementor-widget elementor-widget-image\" data-id=\"a1e3ded\" data-element_type=\"widget\" data-widget_type=\"image.default\">\n\t\t\t\t<div class=\"elementor-widget-container\">\n\t\t\t\t\t\t\t\t\t\t\t\t<figure class=\"wp-caption\">\n\t\t\t\t\t\t\t\t\t\t<img loading=\"lazy\" decoding=\"async\" width=\"800\" height=\"457\" src=\"https:\/\/www.javeriano.edu.co\/javerianonew\/wp-content\/uploads\/2024\/10\/pastoral-grupos-ap-e1730908716752.webp\" class=\"attachment-large size-large wp-image-2763\" alt=\"\" srcset=\"https:\/\/www.javeriano.edu.co\/javerianonew\/wp-content\/uploads\/2024\/10\/pastoral-grupos-ap-e1730908716752.webp 1024w, https:\/\/www.javeriano.edu.co\/javerianonew\/wp-content\/uploads\/2024\/10\/pastoral-grupos-ap-e1730908716752-300x171.webp 300w, https:\/\/www.javeriano.edu.co\/javerianonew\/wp-content\/uploads\/2024\/10\/pastoral-grupos-ap-e1730908716752-768x439.webp 768w, https:\/\/www.javeriano.edu.co\/javerianonew\/wp-content\/uploads\/2024\/10\/pastoral-grupos-ap-e1730908716752-280x160.webp 280w\" sizes=\"(max-width: 800px) 100vw, 800px\" \/>\t\t\t\t\t\t\t\t\t\t\t<figcaption class=\"widget-image-caption wp-caption-text\">Grupos apost\u00f3licos: Jornadas de formaci\u00f3n grupal y actividades que fortalecen el liderazgo ignaciano de nuestros javerianos<\/figcaption>\n\t\t\t\t\t\t\t\t\t\t<\/figure>\n\t\t\t\t\t\t\t\t\t<\/div>\n\t\t\t\t<\/div>\n\t\t\t\t<\/div>\n\t\t\t\t<div class=\"elementor-element elementor-element-f7fdcb0 elementor-widget__width-initial elementor-widget elementor-widget-image\" data-id=\"f7fdcb0\" data-element_type=\"widget\" data-widget_type=\"image.default\">\n\t\t\t\t<div class=\"elementor-widget-container\">\n\t\t\t\t\t\t\t\t\t\t\t\t<figure class=\"wp-caption\">\n\t\t\t\t\t\t\t\t\t\t<img loading=\"lazy\" decoding=\"async\" width=\"640\" height=\"480\" src=\"https:\/\/www.javeriano.edu.co\/javerianonew\/wp-content\/uploads\/2024\/10\/IMG_0469.jpg\" class=\"attachment-2048x2048 size-2048x2048 wp-image-2761\" alt=\"\" srcset=\"https:\/\/www.javeriano.edu.co\/javerianonew\/wp-content\/uploads\/2024\/10\/IMG_0469.jpg 640w, https:\/\/www.javeriano.edu.co\/javerianonew\/wp-content\/uploads\/2024\/10\/IMG_0469-300x225.jpg 300w, https:\/\/www.javeriano.edu.co\/javerianonew\/wp-content\/uploads\/2024\/10\/IMG_0469-280x210.jpg 280w\" sizes=\"(max-width: 640px) 100vw, 640px\" \/>\t\t\t\t\t\t\t\t\t\t\t<figcaption class=\"widget-image-caption wp-caption-text\">Campamento Misi\u00f3n: Propicia la celebraci\u00f3n comunitaria de la fe y la promoci\u00f3n humana con comunidades campesinas de nuestra regi\u00f3n<\/figcaption>\n\t\t\t\t\t\t\t\t\t\t<\/figure>\n\t\t\t\t\t\t\t\t\t<\/div>\n\t\t\t\t<\/div>\n\t\t<div class=\"elementor-element elementor-element-fa5658d e-con-full e-flex e-con e-child\" data-id=\"fa5658d\" data-element_type=\"container\">\n\t\t\t\t<div class=\"elementor-element elementor-element-48557ec elementor-widget elementor-widget-image\" data-id=\"48557ec\" data-element_type=\"widget\" data-widget_type=\"image.default\">\n\t\t\t\t<div class=\"elementor-widget-container\">\n\t\t\t\t\t\t\t\t\t\t\t\t<figure class=\"wp-caption\">\n\t\t\t\t\t\t\t\t\t\t<img loading=\"lazy\" decoding=\"async\" width=\"800\" height=\"414\" src=\"https:\/\/www.javeriano.edu.co\/javerianonew\/wp-content\/uploads\/2024\/10\/primera-comunion.webp\" class=\"attachment-large size-large wp-image-2764\" alt=\"\" srcset=\"https:\/\/www.javeriano.edu.co\/javerianonew\/wp-content\/uploads\/2024\/10\/primera-comunion.webp 1024w, https:\/\/www.javeriano.edu.co\/javerianonew\/wp-content\/uploads\/2024\/10\/primera-comunion-300x155.webp 300w, https:\/\/www.javeriano.edu.co\/javerianonew\/wp-content\/uploads\/2024\/10\/primera-comunion-768x398.webp 768w, https:\/\/www.javeriano.edu.co\/javerianonew\/wp-content\/uploads\/2024\/10\/primera-comunion-280x145.webp 280w\" sizes=\"(max-width: 800px) 100vw, 800px\" \/>\t\t\t\t\t\t\t\t\t\t\t<figcaption class=\"widget-image-caption wp-caption-text\">Vida Sacramental En el mes de diciembre los estudiantes de grado 5\u00b0 celebran su Primera Comuni\u00f3n y durante el segundo semestre acad\u00e9mico los estudiantes de grado 10\u00b0 celebran su Confirmaci\u00f3n<\/figcaption>\n\t\t\t\t\t\t\t\t\t\t<\/figure>\n\t\t\t\t\t\t\t\t\t<\/div>\n\t\t\t\t<\/div>\n\t\t\t\t<\/div>\n\t\t\t\t\t<\/div>\n\t\t\t\t<\/div>\n\t\t\t\t<\/div>\n\t\t","protected":false},"excerpt":{"rendered":"<p>Innovaci\u00f3n Pedag\u00f3gica Propuesta acad\u00e9mica \/ Innovaci\u00f3n pedag\u00f3gica Nuestros prop\u00f3sitos: La actualizaci\u00f3n creativa y mejoramiento de los Colegios de la Compa\u00f1\u00eda. Contribuir a hacer del mundo un lugar m\u00e1s humano, justo [&hellip;]<\/p>\n","protected":false},"author":1,"featured_media":0,"parent":0,"menu_order":0,"comment_status":"closed","ping_status":"closed","template":"","meta":{"_acf_changed":false,"footnotes":""},"class_list":["post-588","page","type-page","status-publish","hentry"],"acf":[],"_links":{"self":[{"href":"https:\/\/www.javeriano.edu.co\/javerianonew\/wp-json\/wp\/v2\/pages\/588"}],"collection":[{"href":"https:\/\/www.javeriano.edu.co\/javerianonew\/wp-json\/wp\/v2\/pages"}],"about":[{"href":"https:\/\/www.javeriano.edu.co\/javerianonew\/wp-json\/wp\/v2\/types\/page"}],"author":[{"embeddable":true,"href":"https:\/\/www.javeriano.edu.co\/javerianonew\/wp-json\/wp\/v2\/users\/1"}],"replies":[{"embeddable":true,"href":"https:\/\/www.javeriano.edu.co\/javerianonew\/wp-json\/wp\/v2\/comments?post=588"}],"version-history":[{"count":5,"href":"https:\/\/www.javeriano.edu.co\/javerianonew\/wp-json\/wp\/v2\/pages\/588\/revisions"}],"predecessor-version":[{"id":2770,"href":"https:\/\/www.javeriano.edu.co\/javerianonew\/wp-json\/wp\/v2\/pages\/588\/revisions\/2770"}],"wp:attachment":[{"href":"https:\/\/www.javeriano.edu.co\/javerianonew\/wp-json\/wp\/v2\/media?parent=588"}],"curies":[{"name":"wp","href":"https:\/\/api.w.org\/{rel}","templated":true}]}}