{"id":675,"date":"2024-08-20T21:54:25","date_gmt":"2024-08-20T21:54:25","guid":{"rendered":"https:\/\/javeriano-1-437abf.ingress-comporellon.ewp.live\/?page_id=675"},"modified":"2025-03-14T22:15:37","modified_gmt":"2025-03-14T22:15:37","slug":"consejo-de-padres","status":"publish","type":"page","link":"https:\/\/www.javeriano.edu.co\/javerianonew\/consejo-de-padres\/","title":{"rendered":"Escuela de Padres y Consejo de Padres"},"content":{"rendered":"\t\t<div data-elementor-type=\"wp-page\" data-elementor-id=\"675\" class=\"elementor elementor-675\" data-elementor-post-type=\"page\">\n\t\t\t\t<div class=\"elementor-element elementor-element-9a12588 e-flex e-con-boxed e-con e-parent\" data-id=\"9a12588\" data-element_type=\"container\" data-settings=\"{&quot;background_background&quot;:&quot;classic&quot;}\">\n\t\t\t\t\t<div class=\"e-con-inner\">\n\t\t\t\t<div class=\"elementor-element elementor-element-429379c elementor-widget elementor-widget-heading\" data-id=\"429379c\" data-element_type=\"widget\" data-widget_type=\"heading.default\">\n\t\t\t\t<div class=\"elementor-widget-container\">\n\t\t\t\t\t<h2 class=\"elementor-heading-title elementor-size-default\">Escuela de Padres y Consejo de Padres<\/h2>\t\t\t\t<\/div>\n\t\t\t\t<\/div>\n\t\t\t\t<div class=\"elementor-element elementor-element-aba6bee elementor-icon-list--layout-inline elementor-list-item-link-full_width elementor-widget elementor-widget-icon-list\" data-id=\"aba6bee\" data-element_type=\"widget\" data-widget_type=\"icon-list.default\">\n\t\t\t\t<div class=\"elementor-widget-container\">\n\t\t\t\t\t\t\t<ul class=\"elementor-icon-list-items elementor-inline-items\">\n\t\t\t\t\t\t\t<li class=\"elementor-icon-list-item elementor-inline-item\">\n\t\t\t\t\t\t\t\t\t\t<span class=\"elementor-icon-list-text\">Propuesta acad\u00e9mica<\/span>\n\t\t\t\t\t\t\t\t\t<\/li>\n\t\t\t\t\t\t\t\t<li class=\"elementor-icon-list-item elementor-inline-item\">\n\t\t\t\t\t\t\t\t\t\t<span class=\"elementor-icon-list-text\">\/<\/span>\n\t\t\t\t\t\t\t\t\t<\/li>\n\t\t\t\t\t\t\t\t<li class=\"elementor-icon-list-item elementor-inline-item\">\n\t\t\t\t\t\t\t\t\t\t<span class=\"elementor-icon-list-text\">Consejo de Padres<\/span>\n\t\t\t\t\t\t\t\t\t<\/li>\n\t\t\t\t\t\t<\/ul>\n\t\t\t\t\t\t<\/div>\n\t\t\t\t<\/div>\n\t\t\t\t\t<\/div>\n\t\t\t\t<\/div>\n\t\t<div class=\"elementor-element elementor-element-161aa31 e-flex e-con-boxed e-con e-parent\" data-id=\"161aa31\" data-element_type=\"container\">\n\t\t\t\t\t<div class=\"e-con-inner\">\n\t\t<div class=\"elementor-element elementor-element-f5fe4ae e-con-full e-flex e-con e-child\" data-id=\"f5fe4ae\" data-element_type=\"container\">\n\t\t\t\t<div class=\"elementor-element elementor-element-81e292c elementor-widget elementor-widget-heading\" data-id=\"81e292c\" data-element_type=\"widget\" data-widget_type=\"heading.default\">\n\t\t\t\t<div class=\"elementor-widget-container\">\n\t\t\t\t\t<h2 class=\"elementor-heading-title elementor-size-default\">Un equipo humano comprometido con el desarrollo del ser<\/h2>\t\t\t\t<\/div>\n\t\t\t\t<\/div>\n\t\t\t\t<div class=\"elementor-element elementor-element-343ba79 elementor-widget-divider--view-line elementor-widget elementor-widget-divider\" data-id=\"343ba79\" data-element_type=\"widget\" data-widget_type=\"divider.default\">\n\t\t\t\t<div class=\"elementor-widget-container\">\n\t\t\t\t\t\t\t<div class=\"elementor-divider\">\n\t\t\t<span class=\"elementor-divider-separator\">\n\t\t\t\t\t\t<\/span>\n\t\t<\/div>\n\t\t\t\t\t\t<\/div>\n\t\t\t\t<\/div>\n\t\t\t\t<div class=\"elementor-element elementor-element-4357826 elementor-widget elementor-widget-accordion\" data-id=\"4357826\" data-element_type=\"widget\" data-widget_type=\"accordion.default\">\n\t\t\t\t<div class=\"elementor-widget-container\">\n\t\t\t\t\t\t\t<div class=\"elementor-accordion\">\n\t\t\t\t\t\t\t<div class=\"elementor-accordion-item\">\n\t\t\t\t\t<div id=\"elementor-tab-title-7061\" class=\"elementor-tab-title\" data-tab=\"1\" role=\"button\" aria-controls=\"elementor-tab-content-7061\" aria-expanded=\"false\">\n\t\t\t\t\t\t\t\t\t\t\t\t\t<span class=\"elementor-accordion-icon elementor-accordion-icon-right\" aria-hidden=\"true\">\n\t\t\t\t\t\t\t\t\t\t\t\t\t\t\t<span class=\"elementor-accordion-icon-closed\"><svg class=\"e-font-icon-svg e-fas-chevron-down\" viewBox=\"0 0 448 512\" xmlns=\"http:\/\/www.w3.org\/2000\/svg\"><path d=\"M207.029 381.476L12.686 187.132c-9.373-9.373-9.373-24.569 0-33.941l22.667-22.667c9.357-9.357 24.522-9.375 33.901-.04L224 284.505l154.745-154.021c9.379-9.335 24.544-9.317 33.901.04l22.667 22.667c9.373 9.373 9.373 24.569 0 33.941L240.971 381.476c-9.373 9.372-24.569 9.372-33.942 0z\"><\/path><\/svg><\/span>\n\t\t\t\t\t\t\t\t<span class=\"elementor-accordion-icon-opened\"><svg class=\"e-font-icon-svg e-fas-chevron-up\" viewBox=\"0 0 448 512\" xmlns=\"http:\/\/www.w3.org\/2000\/svg\"><path d=\"M240.971 130.524l194.343 194.343c9.373 9.373 9.373 24.569 0 33.941l-22.667 22.667c-9.357 9.357-24.522 9.375-33.901.04L224 227.495 69.255 381.516c-9.379 9.335-24.544 9.317-33.901-.04l-22.667-22.667c-9.373-9.373-9.373-24.569 0-33.941L207.03 130.525c9.372-9.373 24.568-9.373 33.941-.001z\"><\/path><\/svg><\/span>\n\t\t\t\t\t\t\t\t\t\t\t\t\t\t<\/span>\n\t\t\t\t\t\t\t\t\t\t\t\t<a class=\"elementor-accordion-title\" tabindex=\"0\">Misi\u00f3n<\/a>\n\t\t\t\t\t<\/div>\n\t\t\t\t\t<div id=\"elementor-tab-content-7061\" class=\"elementor-tab-content elementor-clearfix\" data-tab=\"1\" role=\"region\" aria-labelledby=\"elementor-tab-title-7061\"><p>El Consejo de Padres en el Javeriano, presta un servicio a la comunidad educativa, con la misi\u00f3n de fortalecer el v\u00ednculo familiar y la convivencia civilizada, creando espacios de di\u00e1logo y concertaci\u00f3n que estimulen el crecimiento individual y colectivo en beneficio de nuestros hijos (as), futuro de la justicia, solidaridad y progreso social de nuestro pa\u00eds, marco esencial para la paz.<\/p><\/div>\n\t\t\t\t<\/div>\n\t\t\t\t\t\t\t<div class=\"elementor-accordion-item\">\n\t\t\t\t\t<div id=\"elementor-tab-title-7062\" class=\"elementor-tab-title\" data-tab=\"2\" role=\"button\" aria-controls=\"elementor-tab-content-7062\" aria-expanded=\"false\">\n\t\t\t\t\t\t\t\t\t\t\t\t\t<span class=\"elementor-accordion-icon elementor-accordion-icon-right\" aria-hidden=\"true\">\n\t\t\t\t\t\t\t\t\t\t\t\t\t\t\t<span class=\"elementor-accordion-icon-closed\"><svg class=\"e-font-icon-svg e-fas-chevron-down\" viewBox=\"0 0 448 512\" xmlns=\"http:\/\/www.w3.org\/2000\/svg\"><path d=\"M207.029 381.476L12.686 187.132c-9.373-9.373-9.373-24.569 0-33.941l22.667-22.667c9.357-9.357 24.522-9.375 33.901-.04L224 284.505l154.745-154.021c9.379-9.335 24.544-9.317 33.901.04l22.667 22.667c9.373 9.373 9.373 24.569 0 33.941L240.971 381.476c-9.373 9.372-24.569 9.372-33.942 0z\"><\/path><\/svg><\/span>\n\t\t\t\t\t\t\t\t<span class=\"elementor-accordion-icon-opened\"><svg class=\"e-font-icon-svg e-fas-chevron-up\" viewBox=\"0 0 448 512\" xmlns=\"http:\/\/www.w3.org\/2000\/svg\"><path d=\"M240.971 130.524l194.343 194.343c9.373 9.373 9.373 24.569 0 33.941l-22.667 22.667c-9.357 9.357-24.522 9.375-33.901.04L224 227.495 69.255 381.516c-9.379 9.335-24.544 9.317-33.901-.04l-22.667-22.667c-9.373-9.373-9.373-24.569 0-33.941L207.03 130.525c9.372-9.373 24.568-9.373 33.941-.001z\"><\/path><\/svg><\/span>\n\t\t\t\t\t\t\t\t\t\t\t\t\t\t<\/span>\n\t\t\t\t\t\t\t\t\t\t\t\t<a class=\"elementor-accordion-title\" tabindex=\"0\">Visi\u00f3n<\/a>\n\t\t\t\t\t<\/div>\n\t\t\t\t\t<div id=\"elementor-tab-content-7062\" class=\"elementor-tab-content elementor-clearfix\" data-tab=\"2\" role=\"region\" aria-labelledby=\"elementor-tab-title-7062\"><p>Con el esp\u00edritu de Ignacio, lideramos el fortalecimiento del v\u00ednculo familiar, como entorno vital en la formaci\u00f3n integral de nuestros hijos (as) para los dem\u00e1s y con los dem\u00e1s.<\/p><p>En alianza con las familias, queremos fortalecer los valores y experiencia espiritual de nuestros estudiantes; identificar y desarrollar sus talentos, para que en el contexto de las potencialidades y retos de la regi\u00f3n y del pa\u00eds, encuentren la realizaci\u00f3n de su proyecto de vida en la reconciliaci\u00f3n con Dios, con los dem\u00e1s y con la creaci\u00f3n.<\/p><p>Contamos con la experiencia y tradici\u00f3n educativa de la compa\u00f1\u00eda de Jes\u00fas, el trabajo articulado de las obras de la provincia en la regi\u00f3n, la identidad cultural y valores nari\u00f1enses, la calidad humana, espiritual y profesional de quienes formamos la familia javeriana, y los lineamientos del marco legal colombiano.<\/p><\/div>\n\t\t\t\t<\/div>\n\t\t\t\t\t\t\t\t<\/div>\n\t\t\t\t\t\t<\/div>\n\t\t\t\t<\/div>\n\t\t\t\t<\/div>\n\t\t<div class=\"elementor-element elementor-element-0268b22 e-con-full e-flex e-con e-child\" data-id=\"0268b22\" data-element_type=\"container\">\n\t\t\t\t<div class=\"elementor-element elementor-element-a9ceca7 elementor-widget elementor-widget-image\" data-id=\"a9ceca7\" data-element_type=\"widget\" data-widget_type=\"image.default\">\n\t\t\t\t<div class=\"elementor-widget-container\">\n\t\t\t\t\t\t\t\t\t\t\t\t\t\t\t<img fetchpriority=\"high\" decoding=\"async\" width=\"718\" height=\"620\" src=\"https:\/\/www.javeriano.edu.co\/javerianonew\/wp-content\/uploads\/2024\/08\/Rectangle-61.jpg\" class=\"attachment-large size-large wp-image-690\" alt=\"\" srcset=\"https:\/\/www.javeriano.edu.co\/javerianonew\/wp-content\/uploads\/2024\/08\/Rectangle-61.jpg 718w, https:\/\/www.javeriano.edu.co\/javerianonew\/wp-content\/uploads\/2024\/08\/Rectangle-61-300x259.jpg 300w\" sizes=\"(max-width: 718px) 100vw, 718px\" \/>\t\t\t\t\t\t\t\t\t\t\t\t\t\t\t<\/div>\n\t\t\t\t<\/div>\n\t\t\t\t<\/div>\n\t\t\t\t\t<\/div>\n\t\t\t\t<\/div>\n\t\t<div class=\"elementor-element elementor-element-bb984b6 e-flex e-con-boxed e-con e-parent\" data-id=\"bb984b6\" data-element_type=\"container\">\n\t\t\t\t\t<div class=\"e-con-inner\">\n\t\t<div class=\"elementor-element elementor-element-69c57db e-con-full e-flex e-con e-child\" data-id=\"69c57db\" data-element_type=\"container\">\n\t\t\t\t<div class=\"elementor-element elementor-element-ef9a456 elementor-widget elementor-widget-image\" data-id=\"ef9a456\" data-element_type=\"widget\" data-widget_type=\"image.default\">\n\t\t\t\t<div class=\"elementor-widget-container\">\n\t\t\t\t\t\t\t\t\t\t\t\t\t\t\t<img decoding=\"async\" width=\"800\" height=\"452\" src=\"https:\/\/www.javeriano.edu.co\/javerianonew\/wp-content\/uploads\/2024\/10\/consejo-padres1-1024x578.webp\" class=\"attachment-large size-large wp-image-2728\" alt=\"\" srcset=\"https:\/\/www.javeriano.edu.co\/javerianonew\/wp-content\/uploads\/2024\/10\/consejo-padres1-1024x578.webp 1024w, https:\/\/www.javeriano.edu.co\/javerianonew\/wp-content\/uploads\/2024\/10\/consejo-padres1-300x169.webp 300w, https:\/\/www.javeriano.edu.co\/javerianonew\/wp-content\/uploads\/2024\/10\/consejo-padres1-768x433.webp 768w, https:\/\/www.javeriano.edu.co\/javerianonew\/wp-content\/uploads\/2024\/10\/consejo-padres1-1536x866.webp 1536w, https:\/\/www.javeriano.edu.co\/javerianonew\/wp-content\/uploads\/2024\/10\/consejo-padres1-280x158.webp 280w, https:\/\/www.javeriano.edu.co\/javerianonew\/wp-content\/uploads\/2024\/10\/consejo-padres1.webp 1920w\" sizes=\"(max-width: 800px) 100vw, 800px\" \/>\t\t\t\t\t\t\t\t\t\t\t\t\t\t\t<\/div>\n\t\t\t\t<\/div>\n\t\t\t\t<\/div>\n\t\t<div class=\"elementor-element elementor-element-599942e e-con-full e-flex e-con e-child\" data-id=\"599942e\" data-element_type=\"container\">\n\t\t\t\t<div class=\"elementor-element elementor-element-98a3fcf elementor-widget elementor-widget-heading\" data-id=\"98a3fcf\" data-element_type=\"widget\" data-widget_type=\"heading.default\">\n\t\t\t\t<div class=\"elementor-widget-container\">\n\t\t\t\t\t<h2 class=\"elementor-heading-title elementor-size-default\">Objetivo general<\/h2>\t\t\t\t<\/div>\n\t\t\t\t<\/div>\n\t\t\t\t<div class=\"elementor-element elementor-element-b803b9e elementor-widget elementor-widget-text-editor\" data-id=\"b803b9e\" data-element_type=\"widget\" data-widget_type=\"text-editor.default\">\n\t\t\t\t<div class=\"elementor-widget-container\">\n\t\t\t\t\t\t\t\t\t<p>Establecer una alianza entre padres de familia y el Colegio Javeriano para la cualificaci\u00f3n de la propuesta formativa de sus hijos, a trav\u00e9s de un di\u00e1logo constante y el dise\u00f1o de estrategias que permitan ofrecer un mejor servicio educativo.<\/p>\t\t\t\t\t\t\t\t<\/div>\n\t\t\t\t<\/div>\n\t\t\t\t<div class=\"elementor-element elementor-element-b47c338 elementor-widget elementor-widget-heading\" data-id=\"b47c338\" data-element_type=\"widget\" data-widget_type=\"heading.default\">\n\t\t\t\t<div class=\"elementor-widget-container\">\n\t\t\t\t\t<h2 class=\"elementor-heading-title elementor-size-default\">Objetivos espec\u00edficos <\/h2>\t\t\t\t<\/div>\n\t\t\t\t<\/div>\n\t\t\t\t<div class=\"elementor-element elementor-element-2d105aa elementor-icon-list--layout-traditional elementor-list-item-link-full_width elementor-widget elementor-widget-icon-list\" data-id=\"2d105aa\" data-element_type=\"widget\" data-widget_type=\"icon-list.default\">\n\t\t\t\t<div class=\"elementor-widget-container\">\n\t\t\t\t\t\t\t<ul class=\"elementor-icon-list-items\">\n\t\t\t\t\t\t\t<li class=\"elementor-icon-list-item\">\n\t\t\t\t\t\t\t\t\t\t\t<span class=\"elementor-icon-list-icon\">\n\t\t\t\t\t\t\t<svg aria-hidden=\"true\" class=\"e-font-icon-svg e-fas-check\" viewBox=\"0 0 512 512\" xmlns=\"http:\/\/www.w3.org\/2000\/svg\"><path d=\"M173.898 439.404l-166.4-166.4c-9.997-9.997-9.997-26.206 0-36.204l36.203-36.204c9.997-9.998 26.207-9.998 36.204 0L192 312.69 432.095 72.596c9.997-9.997 26.207-9.997 36.204 0l36.203 36.204c9.997 9.997 9.997 26.206 0 36.204l-294.4 294.401c-9.998 9.997-26.207 9.997-36.204-.001z\"><\/path><\/svg>\t\t\t\t\t\t<\/span>\n\t\t\t\t\t\t\t\t\t\t<span class=\"elementor-icon-list-text\">Trabajar temas educativos y de bienestar de los estudiantes, con los padres de familia, en diferentes actividades y con variedad de profesionales.\u2028<\/span>\n\t\t\t\t\t\t\t\t\t<\/li>\n\t\t\t\t\t\t\t\t<li class=\"elementor-icon-list-item\">\n\t\t\t\t\t\t\t\t\t\t\t<span class=\"elementor-icon-list-icon\">\n\t\t\t\t\t\t\t<svg aria-hidden=\"true\" class=\"e-font-icon-svg e-fas-check\" viewBox=\"0 0 512 512\" xmlns=\"http:\/\/www.w3.org\/2000\/svg\"><path d=\"M173.898 439.404l-166.4-166.4c-9.997-9.997-9.997-26.206 0-36.204l36.203-36.204c9.997-9.998 26.207-9.998 36.204 0L192 312.69 432.095 72.596c9.997-9.997 26.207-9.997 36.204 0l36.203 36.204c9.997 9.997 9.997 26.206 0 36.204l-294.4 294.401c-9.998 9.997-26.207 9.997-36.204-.001z\"><\/path><\/svg>\t\t\t\t\t\t<\/span>\n\t\t\t\t\t\t\t\t\t\t<span class=\"elementor-icon-list-text\">Consolidar y transmitir la importancia de los comit\u00e9s de padres de familia dentro del colegio.\u2028<\/span>\n\t\t\t\t\t\t\t\t\t<\/li>\n\t\t\t\t\t\t\t\t<li class=\"elementor-icon-list-item\">\n\t\t\t\t\t\t\t\t\t\t\t<span class=\"elementor-icon-list-icon\">\n\t\t\t\t\t\t\t<svg aria-hidden=\"true\" class=\"e-font-icon-svg e-fas-check\" viewBox=\"0 0 512 512\" xmlns=\"http:\/\/www.w3.org\/2000\/svg\"><path d=\"M173.898 439.404l-166.4-166.4c-9.997-9.997-9.997-26.206 0-36.204l36.203-36.204c9.997-9.998 26.207-9.998 36.204 0L192 312.69 432.095 72.596c9.997-9.997 26.207-9.997 36.204 0l36.203 36.204c9.997 9.997 9.997 26.206 0 36.204l-294.4 294.401c-9.998 9.997-26.207 9.997-36.204-.001z\"><\/path><\/svg>\t\t\t\t\t\t<\/span>\n\t\t\t\t\t\t\t\t\t\t<span class=\"elementor-icon-list-text\">Consolidar y transmitir la importancia de los comit\u00e9s de padres de familia dentro del colegio.\u2028<\/span>\n\t\t\t\t\t\t\t\t\t<\/li>\n\t\t\t\t\t\t<\/ul>\n\t\t\t\t\t\t<\/div>\n\t\t\t\t<\/div>\n\t\t\t\t<\/div>\n\t\t\t\t\t<\/div>\n\t\t\t\t<\/div>\n\t\t<div class=\"elementor-element elementor-element-2a8692d e-flex e-con-boxed e-con e-parent\" data-id=\"2a8692d\" data-element_type=\"container\">\n\t\t\t\t\t<div class=\"e-con-inner\">\n\t\t<div class=\"elementor-element elementor-element-33657d4 e-con-full e-flex e-con e-child\" data-id=\"33657d4\" data-element_type=\"container\">\n\t\t\t\t<div class=\"elementor-element elementor-element-69d72ce elementor-widget elementor-widget-image\" data-id=\"69d72ce\" data-element_type=\"widget\" data-widget_type=\"image.default\">\n\t\t\t\t<div class=\"elementor-widget-container\">\n\t\t\t\t\t\t\t\t\t\t\t\t\t\t\t<img decoding=\"async\" width=\"1920\" height=\"1080\" src=\"https:\/\/www.javeriano.edu.co\/javerianonew\/wp-content\/uploads\/2024\/10\/Escuela-de-padres.webp\" class=\"attachment-full size-full wp-image-2703\" alt=\"\" srcset=\"https:\/\/www.javeriano.edu.co\/javerianonew\/wp-content\/uploads\/2024\/10\/Escuela-de-padres.webp 1920w, https:\/\/www.javeriano.edu.co\/javerianonew\/wp-content\/uploads\/2024\/10\/Escuela-de-padres-300x169.webp 300w, https:\/\/www.javeriano.edu.co\/javerianonew\/wp-content\/uploads\/2024\/10\/Escuela-de-padres-1024x576.webp 1024w, https:\/\/www.javeriano.edu.co\/javerianonew\/wp-content\/uploads\/2024\/10\/Escuela-de-padres-768x432.webp 768w, https:\/\/www.javeriano.edu.co\/javerianonew\/wp-content\/uploads\/2024\/10\/Escuela-de-padres-1536x864.webp 1536w, https:\/\/www.javeriano.edu.co\/javerianonew\/wp-content\/uploads\/2024\/10\/Escuela-de-padres-280x158.webp 280w\" sizes=\"(max-width: 1920px) 100vw, 1920px\" \/>\t\t\t\t\t\t\t\t\t\t\t\t\t\t\t<\/div>\n\t\t\t\t<\/div>\n\t\t\t\t<\/div>\n\t\t<div class=\"elementor-element elementor-element-d28ccf1 e-con-full e-flex e-con e-child\" data-id=\"d28ccf1\" data-element_type=\"container\">\n\t\t\t\t<div class=\"elementor-element elementor-element-6a7cc1a elementor-widget elementor-widget-heading\" data-id=\"6a7cc1a\" data-element_type=\"widget\" data-widget_type=\"heading.default\">\n\t\t\t\t<div class=\"elementor-widget-container\">\n\t\t\t\t\t<h2 class=\"elementor-heading-title elementor-size-default\">ESCUELA DE PADRES<\/h2>\t\t\t\t<\/div>\n\t\t\t\t<\/div>\n\t\t\t\t<div class=\"elementor-element elementor-element-147e307 elementor-widget-divider--view-line elementor-widget elementor-widget-divider\" data-id=\"147e307\" data-element_type=\"widget\" data-widget_type=\"divider.default\">\n\t\t\t\t<div class=\"elementor-widget-container\">\n\t\t\t\t\t\t\t<div class=\"elementor-divider\">\n\t\t\t<span class=\"elementor-divider-separator\">\n\t\t\t\t\t\t<\/span>\n\t\t<\/div>\n\t\t\t\t\t\t<\/div>\n\t\t\t\t<\/div>\n\t\t\t\t<div class=\"elementor-element elementor-element-c5a472f elementor-widget elementor-widget-text-editor\" data-id=\"c5a472f\" data-element_type=\"widget\" data-widget_type=\"text-editor.default\">\n\t\t\t\t<div class=\"elementor-widget-container\">\n\t\t\t\t\t\t\t\t\t<p>La Escuela de Padres tiene como objetivo proporcionar a los padres informaci\u00f3n, orientaci\u00f3n, formaci\u00f3n y asesoramiento para su importante tarea de actuar como tales y, lograr as\u00ed, un mayor desarrollo de la personalidad de sus hijos, generando una sinergia bajo el proceso de corresponsabilidad Casa \u2013 Colegio.<\/p>\t\t\t\t\t\t\t\t<\/div>\n\t\t\t\t<\/div>\n\t\t\t\t<\/div>\n\t\t\t\t\t<\/div>\n\t\t\t\t<\/div>\n\t\t<div class=\"elementor-element elementor-element-5d8c0a4 e-flex e-con-boxed e-con e-parent\" data-id=\"5d8c0a4\" data-element_type=\"container\">\n\t\t\t\t\t<div class=\"e-con-inner\">\n\t\t\t\t<div class=\"elementor-element elementor-element-b8d867b elementor-widget elementor-widget-heading\" data-id=\"b8d867b\" data-element_type=\"widget\" data-widget_type=\"heading.default\">\n\t\t\t\t<div class=\"elementor-widget-container\">\n\t\t\t\t\t<h2 class=\"elementor-heading-title elementor-size-default\">Objetivo de la Escuela de Padres\u200b<\/h2>\t\t\t\t<\/div>\n\t\t\t\t<\/div>\n\t\t\t\t\t<\/div>\n\t\t\t\t<\/div>\n\t\t<div class=\"elementor-element elementor-element-ae02f15 e-flex e-con-boxed e-con e-parent\" data-id=\"ae02f15\" data-element_type=\"container\">\n\t\t\t\t\t<div class=\"e-con-inner\">\n\t\t\t\t<div class=\"elementor-element elementor-element-e349d9f elementor-widget elementor-widget-text-editor\" data-id=\"e349d9f\" data-element_type=\"widget\" data-widget_type=\"text-editor.default\">\n\t\t\t\t<div class=\"elementor-widget-container\">\n\t\t\t\t\t\t\t\t\t<p>La propuesta pedag\u00f3gica de la Escuela de Padres del Colegio San Francisco Javier se basa en la formaci\u00f3n Integral de la familia Javeriana desarrollando las 8 dimensiones del Ser:<\/p>\n<h1><h5><ul><li><u>Dimensi\u00f3n \u00c9tica<\/u>: Es la posibilidad que tiene el ser humano de tomar decisiones aut\u00f3nomas a la luz de principios y valores y de llevarlos a la acci\u00f3n teniendo en cuenta las consecuencias de dichas decisiones para asumirlas con responsabilidad.<\/li><\/ul><\/h5><\/h1><ul>\n\n<li><u>Dimensi\u00f3n Espiritual<\/u>: Es la posibilidad que tiene el ser humano de trascender -ir m\u00e1s all\u00e1-, de su existencia para ponerse en contacto con las dem\u00e1s personas y con el otro (Dios) con el fin de dar sentido a su propia vida.<\/li>\n<li><u>Dimensi\u00f3n Cognitiva<\/u>: Es la posibilidad que tiene el ser humano de aprehender conceptualmente la realidad que le rodea, formulando teor\u00edas e hip\u00f3tesis sobre la misma, de tal manera que no s\u00f3lo la puede comprender, sino que adem\u00e1s interact\u00faa con ella para transformarla.<\/li>\n<li><u>Dimensi\u00f3n Comunicativa<\/u>: Es el conjunto de potencialidades del ser humano que le permiten encontrar sentido y significado de s\u00ed mismo y representarlos a trav\u00e9s del lenguaje para interactuar con los dem\u00e1s.<\/li>\n<li><u>Dimensi\u00f3n Est\u00e9tica<\/u>: Es la posibilidad que tiene la persona para interactuar consigo mismo y con el mundo desde su propia sensibilidad, permiti\u00e9ndole apreciar la belleza y expresarla de diferentes maneras.<\/li>\n<li><u>Dimensi\u00f3n Afectiva<\/u>: Es el conjunto de posibilidades que tiene la persona de relacionarse consigo mismo y con los dem\u00e1s; de manifestar sus sentimientos, emociones y sexualidad, con miras a construir-se como ser social.<\/li>\n<li><u>Dimensi\u00f3n Sociopol\u00edtica<\/u>: Es la capacidad de la persona para vivir \u201centre\u201d y \u201ccon\u201d otros, de tal manera que puede transformarse y transformar el entorno en el que est\u00e1 inmerso.&nbsp;<\/li>\n<li><u>Dimensi\u00f3n Corporal<\/u>: Es la condici\u00f3n del ser humano quien, como ser corp\u00f3reo, puede manifestarse con su cuerpo y desde su cuerpo, construir un proyecto de vida, ser presencia \u201cmaterial\u201d para el otro y participar en procesos de formaci\u00f3n y de desarrollo f\u00edsico y de motricidad.<\/li>\n<\/ul>\t\t\t\t\t\t\t\t<\/div>\n\t\t\t\t<\/div>\n\t\t\t\t\t<\/div>\n\t\t\t\t<\/div>\n\t\t<div class=\"elementor-element elementor-element-33f34ae e-flex e-con-boxed e-con e-parent\" data-id=\"33f34ae\" data-element_type=\"container\">\n\t\t\t\t\t<div class=\"e-con-inner\">\n\t\t<div class=\"elementor-element elementor-element-5ae18cb e-con-full e-flex e-con e-child\" data-id=\"5ae18cb\" data-element_type=\"container\">\n\t\t\t\t<div class=\"elementor-element elementor-element-7275ee9 elementor-widget elementor-widget-button\" data-id=\"7275ee9\" data-element_type=\"widget\" data-widget_type=\"button.default\">\n\t\t\t\t<div class=\"elementor-widget-container\">\n\t\t\t\t\t\t\t\t\t<div class=\"elementor-button-wrapper\">\n\t\t\t\t\t<a class=\"elementor-button elementor-button-link elementor-size-sm\" href=\"https:\/\/youtu.be\/SwT24OQYljk\">\n\t\t\t\t\t\t<span class=\"elementor-button-content-wrapper\">\n\t\t\t\t\t\t\t\t\t<span class=\"elementor-button-text\">L\u00edmites y disciplina en primera infancia - Dra Daliz Cand\u00f3<\/span>\n\t\t\t\t\t<\/span>\n\t\t\t\t\t<\/a>\n\t\t\t\t<\/div>\n\t\t\t\t\t\t\t\t<\/div>\n\t\t\t\t<\/div>\n\t\t\t\t<div class=\"elementor-element elementor-element-7fe4b4d elementor-widget elementor-widget-button\" data-id=\"7fe4b4d\" data-element_type=\"widget\" data-widget_type=\"button.default\">\n\t\t\t\t<div class=\"elementor-widget-container\">\n\t\t\t\t\t\t\t\t\t<div class=\"elementor-button-wrapper\">\n\t\t\t\t\t<a class=\"elementor-button elementor-button-link elementor-size-sm\" href=\"https:\/\/youtu.be\/7Z_FJmY0o_s\">\n\t\t\t\t\t\t<span class=\"elementor-button-content-wrapper\">\n\t\t\t\t\t\t\t\t\t<span class=\"elementor-button-text\">Conferencia sobre Bullying - Dr Gerardo Uribe - julio 2022<\/span>\n\t\t\t\t\t<\/span>\n\t\t\t\t\t<\/a>\n\t\t\t\t<\/div>\n\t\t\t\t\t\t\t\t<\/div>\n\t\t\t\t<\/div>\n\t\t\t\t<div class=\"elementor-element elementor-element-fd47912 elementor-widget elementor-widget-button\" data-id=\"fd47912\" data-element_type=\"widget\" data-widget_type=\"button.default\">\n\t\t\t\t<div class=\"elementor-widget-container\">\n\t\t\t\t\t\t\t\t\t<div class=\"elementor-button-wrapper\">\n\t\t\t\t\t<a class=\"elementor-button elementor-button-link elementor-size-sm\" href=\"https:\/\/youtu.be\/hnHgJoO_z38\">\n\t\t\t\t\t\t<span class=\"elementor-button-content-wrapper\">\n\t\t\t\t\t\t\t\t\t<span class=\"elementor-button-text\">Conferencia 4 feb 2025 Dr Gerardo Uribe para Preescolar<\/span>\n\t\t\t\t\t<\/span>\n\t\t\t\t\t<\/a>\n\t\t\t\t<\/div>\n\t\t\t\t\t\t\t\t<\/div>\n\t\t\t\t<\/div>\n\t\t\t\t<\/div>\n\t\t<div class=\"elementor-element elementor-element-345c1c0 e-con-full e-flex e-con e-child\" data-id=\"345c1c0\" data-element_type=\"container\">\n\t\t\t\t<div class=\"elementor-element elementor-element-2ea9c86 elementor-widget elementor-widget-button\" data-id=\"2ea9c86\" data-element_type=\"widget\" data-widget_type=\"button.default\">\n\t\t\t\t<div class=\"elementor-widget-container\">\n\t\t\t\t\t\t\t\t\t<div class=\"elementor-button-wrapper\">\n\t\t\t\t\t<a class=\"elementor-button elementor-button-link elementor-size-sm\" href=\"https:\/\/youtu.be\/fi4IOuRNJnQ\">\n\t\t\t\t\t\t<span class=\"elementor-button-content-wrapper\">\n\t\t\t\t\t\t\t\t\t<span class=\"elementor-button-text\">Podcast: Hipersexualidad<\/span>\n\t\t\t\t\t<\/span>\n\t\t\t\t\t<\/a>\n\t\t\t\t<\/div>\n\t\t\t\t\t\t\t\t<\/div>\n\t\t\t\t<\/div>\n\t\t\t\t<div class=\"elementor-element elementor-element-fdc1170 elementor-widget elementor-widget-button\" data-id=\"fdc1170\" data-element_type=\"widget\" data-widget_type=\"button.default\">\n\t\t\t\t<div class=\"elementor-widget-container\">\n\t\t\t\t\t\t\t\t\t<div class=\"elementor-button-wrapper\">\n\t\t\t\t\t<a class=\"elementor-button elementor-button-link elementor-size-sm\" href=\"https:\/\/youtu.be\/FKKUIhPCSGk\">\n\t\t\t\t\t\t<span class=\"elementor-button-content-wrapper\">\n\t\t\t\t\t\t\t\t\t<span class=\"elementor-button-text\">Riesgos de los vapeadores<\/span>\n\t\t\t\t\t<\/span>\n\t\t\t\t\t<\/a>\n\t\t\t\t<\/div>\n\t\t\t\t\t\t\t\t<\/div>\n\t\t\t\t<\/div>\n\t\t\t\t<div class=\"elementor-element elementor-element-577ca0f elementor-widget elementor-widget-button\" data-id=\"577ca0f\" data-element_type=\"widget\" data-widget_type=\"button.default\">\n\t\t\t\t<div class=\"elementor-widget-container\">\n\t\t\t\t\t\t\t\t\t<div class=\"elementor-button-wrapper\">\n\t\t\t\t\t<a class=\"elementor-button elementor-button-link elementor-size-sm\" href=\"https:\/\/youtu.be\/Tp6hSyf8I1Y\">\n\t\t\t\t\t\t<span class=\"elementor-button-content-wrapper\">\n\t\t\t\t\t\t\t\t\t<span class=\"elementor-button-text\">Podcast: El bullying, un asunto de familia<\/span>\n\t\t\t\t\t<\/span>\n\t\t\t\t\t<\/a>\n\t\t\t\t<\/div>\n\t\t\t\t\t\t\t\t<\/div>\n\t\t\t\t<\/div>\n\t\t\t\t<\/div>\n\t\t\t\t\t<\/div>\n\t\t\t\t<\/div>\n\t\t<div class=\"elementor-element elementor-element-2e9ef91 e-flex e-con-boxed e-con e-parent\" data-id=\"2e9ef91\" data-element_type=\"container\">\n\t\t\t\t\t<div class=\"e-con-inner\">\n\t\t<div class=\"elementor-element elementor-element-1f8b89c e-con-full e-flex e-con e-child\" data-id=\"1f8b89c\" data-element_type=\"container\">\n\t\t\t\t<div class=\"elementor-element elementor-element-7ef2f56 elementor-widget elementor-widget-heading\" data-id=\"7ef2f56\" data-element_type=\"widget\" data-widget_type=\"heading.default\">\n\t\t\t\t<div class=\"elementor-widget-container\">\n\t\t\t\t\t<h2 class=\"elementor-heading-title elementor-size-default\">Tienda Fejave\n<\/h2>\t\t\t\t<\/div>\n\t\t\t\t<\/div>\n\t\t\t\t<div class=\"elementor-element elementor-element-f64d8f2 elementor-widget-divider--view-line elementor-widget elementor-widget-divider\" data-id=\"f64d8f2\" data-element_type=\"widget\" data-widget_type=\"divider.default\">\n\t\t\t\t<div class=\"elementor-widget-container\">\n\t\t\t\t\t\t\t<div class=\"elementor-divider\">\n\t\t\t<span class=\"elementor-divider-separator\">\n\t\t\t\t\t\t<\/span>\n\t\t<\/div>\n\t\t\t\t\t\t<\/div>\n\t\t\t\t<\/div>\n\t\t\t\t<div class=\"elementor-element elementor-element-4e46df8 elementor-widget elementor-widget-text-editor\" data-id=\"4e46df8\" data-element_type=\"widget\" data-widget_type=\"text-editor.default\">\n\t\t\t\t<div class=\"elementor-widget-container\">\n\t\t\t\t\t\t\t\t\t<p>El Fondo de Empleados de la Compa\u00f1\u00eda de Jes\u00fas en Nari\u00f1o, Fecoj, tiene disponible la Tienda Fejave para asociados y tambi\u00e9n para padres de familia y estudiantes.<\/p><p>Uniformes, papeler\u00eda, y pr\u00f3ximamente dispositivos tecnol\u00f3gicos hacen parte de la oferta.<\/p><p><strong>Contacto:\u00a0<span style=\"color: #707070;\"><a style=\"color: #707070;\" href=\"mailto:fejave@gmail.com\">fejave@gmail.com<\/a><\/span><\/strong><\/p>\t\t\t\t\t\t\t\t<\/div>\n\t\t\t\t<\/div>\n\t\t\t\t<\/div>\n\t\t<div class=\"elementor-element elementor-element-288130a e-con-full e-flex e-con e-child\" data-id=\"288130a\" data-element_type=\"container\">\n\t\t\t\t<div class=\"elementor-element elementor-element-d47283a elementor-widget elementor-widget-image\" data-id=\"d47283a\" data-element_type=\"widget\" data-widget_type=\"image.default\">\n\t\t\t\t<div class=\"elementor-widget-container\">\n\t\t\t\t\t\t\t\t\t\t\t\t\t\t\t<img loading=\"lazy\" decoding=\"async\" width=\"708\" height=\"402\" src=\"https:\/\/www.javeriano.edu.co\/javerianonew\/wp-content\/uploads\/2024\/08\/Rectangle-63.jpg\" class=\"attachment-large size-large wp-image-708\" alt=\"\" srcset=\"https:\/\/www.javeriano.edu.co\/javerianonew\/wp-content\/uploads\/2024\/08\/Rectangle-63.jpg 708w, https:\/\/www.javeriano.edu.co\/javerianonew\/wp-content\/uploads\/2024\/08\/Rectangle-63-300x170.jpg 300w\" sizes=\"(max-width: 708px) 100vw, 708px\" \/>\t\t\t\t\t\t\t\t\t\t\t\t\t\t\t<\/div>\n\t\t\t\t<\/div>\n\t\t\t\t<\/div>\n\t\t\t\t\t<\/div>\n\t\t\t\t<\/div>\n\t\t<div class=\"elementor-element elementor-element-709e3f7 e-flex e-con-boxed e-con e-parent\" data-id=\"709e3f7\" data-element_type=\"container\">\n\t\t\t\t\t<div class=\"e-con-inner\">\n\t\t\t\t\t<\/div>\n\t\t\t\t<\/div>\n\t\t<div class=\"elementor-element elementor-element-d3baea1 e-flex e-con-boxed e-con e-parent\" data-id=\"d3baea1\" data-element_type=\"container\">\n\t\t\t\t\t<div class=\"e-con-inner\">\n\t\t\t\t\t<\/div>\n\t\t\t\t<\/div>\n\t\t\t\t<\/div>\n\t\t","protected":false},"excerpt":{"rendered":"<p>Escuela de Padres y Consejo de Padres Propuesta acad\u00e9mica \/ Consejo de Padres Un equipo humano comprometido con el desarrollo del ser Misi\u00f3n El Consejo de Padres en el Javeriano, [&hellip;]<\/p>\n","protected":false},"author":1,"featured_media":0,"parent":0,"menu_order":0,"comment_status":"closed","ping_status":"closed","template":"","meta":{"_acf_changed":false,"footnotes":""},"class_list":["post-675","page","type-page","status-publish","hentry"],"acf":[],"_links":{"self":[{"href":"https:\/\/www.javeriano.edu.co\/javerianonew\/wp-json\/wp\/v2\/pages\/675"}],"collection":[{"href":"https:\/\/www.javeriano.edu.co\/javerianonew\/wp-json\/wp\/v2\/pages"}],"about":[{"href":"https:\/\/www.javeriano.edu.co\/javerianonew\/wp-json\/wp\/v2\/types\/page"}],"author":[{"embeddable":true,"href":"https:\/\/www.javeriano.edu.co\/javerianonew\/wp-json\/wp\/v2\/users\/1"}],"replies":[{"embeddable":true,"href":"https:\/\/www.javeriano.edu.co\/javerianonew\/wp-json\/wp\/v2\/comments?post=675"}],"version-history":[{"count":5,"href":"https:\/\/www.javeriano.edu.co\/javerianonew\/wp-json\/wp\/v2\/pages\/675\/revisions"}],"predecessor-version":[{"id":4966,"href":"https:\/\/www.javeriano.edu.co\/javerianonew\/wp-json\/wp\/v2\/pages\/675\/revisions\/4966"}],"wp:attachment":[{"href":"https:\/\/www.javeriano.edu.co\/javerianonew\/wp-json\/wp\/v2\/media?parent=675"}],"curies":[{"name":"wp","href":"https:\/\/api.w.org\/{rel}","templated":true}]}}