{"id":984,"date":"2024-08-22T22:16:48","date_gmt":"2024-08-22T22:16:48","guid":{"rendered":"https:\/\/javeriano-1-437abf.ingress-comporellon.ewp.live\/?page_id=984"},"modified":"2024-10-09T20:26:59","modified_gmt":"2024-10-09T20:26:59","slug":"nuestros-espacios","status":"publish","type":"page","link":"https:\/\/www.javeriano.edu.co\/javerianonew\/nuestros-espacios\/","title":{"rendered":"Nuestros espacios"},"content":{"rendered":"\t\t<div data-elementor-type=\"wp-page\" data-elementor-id=\"984\" class=\"elementor elementor-984\" data-elementor-post-type=\"page\">\n\t\t\t\t<div class=\"elementor-element elementor-element-84839fa e-flex e-con-boxed e-con e-parent\" data-id=\"84839fa\" data-element_type=\"container\" data-settings=\"{&quot;background_background&quot;:&quot;classic&quot;}\">\n\t\t\t\t\t<div class=\"e-con-inner\">\n\t\t\t\t<div class=\"elementor-element elementor-element-4d3743f elementor-widget elementor-widget-heading\" data-id=\"4d3743f\" data-element_type=\"widget\" data-widget_type=\"heading.default\">\n\t\t\t\t<div class=\"elementor-widget-container\">\n\t\t\t\t\t<h2 class=\"elementor-heading-title elementor-size-default\">Nuestros espacios<\/h2>\t\t\t\t<\/div>\n\t\t\t\t<\/div>\n\t\t\t\t\t<\/div>\n\t\t\t\t<\/div>\n\t\t<div class=\"elementor-element elementor-element-a0672f1 e-flex e-con-boxed e-con e-parent\" data-id=\"a0672f1\" data-element_type=\"container\">\n\t\t\t\t\t<div class=\"e-con-inner\">\n\t\t<div class=\"elementor-element elementor-element-ea18887 e-con-full e-flex e-con e-child\" data-id=\"ea18887\" data-element_type=\"container\">\n\t\t\t\t<div class=\"elementor-element elementor-element-87dd6a3 elementor-widget elementor-widget-heading\" data-id=\"87dd6a3\" data-element_type=\"widget\" data-widget_type=\"heading.default\">\n\t\t\t\t<div class=\"elementor-widget-container\">\n\t\t\t\t\t<h2 class=\"elementor-heading-title elementor-size-default\">Espacios hist\u00f3ricos para la educaci\u00f3n<\/h2>\t\t\t\t<\/div>\n\t\t\t\t<\/div>\n\t\t\t\t<div class=\"elementor-element elementor-element-1f3c7ae elementor-widget-divider--view-line elementor-widget elementor-widget-divider\" data-id=\"1f3c7ae\" data-element_type=\"widget\" data-widget_type=\"divider.default\">\n\t\t\t\t<div class=\"elementor-widget-container\">\n\t\t\t\t\t\t\t<div class=\"elementor-divider\">\n\t\t\t<span class=\"elementor-divider-separator\">\n\t\t\t\t\t\t<\/span>\n\t\t<\/div>\n\t\t\t\t\t\t<\/div>\n\t\t\t\t<\/div>\n\t\t\t\t<div class=\"elementor-element elementor-element-18c8290 elementor-widget elementor-widget-text-editor\" data-id=\"18c8290\" data-element_type=\"widget\" data-widget_type=\"text-editor.default\">\n\t\t\t\t<div class=\"elementor-widget-container\">\n\t\t\t\t\t\t\t\t\t<p>El Colegio San Francisco Javier en el a\u00f1o 2010 iniciando el rectorado del P. Gerardo Arango Puerta S.J. emprendi\u00f3 importantes proyectos para la renovaci\u00f3n de su planta f\u00edsica. Conservando el tradicional esquema de 2 sedes, una dedicada a los m\u00e1s peque\u00f1os y otra a los estudiantes de bachillerato, hoy cuenta con los siguientes edificios:<\/p>\t\t\t\t\t\t\t\t<\/div>\n\t\t\t\t<\/div>\n\t\t\t\t<\/div>\n\t\t<div class=\"elementor-element elementor-element-73de91a e-con-full e-flex e-con e-child\" data-id=\"73de91a\" data-element_type=\"container\" data-settings=\"{&quot;background_background&quot;:&quot;classic&quot;}\">\n\t\t\t\t<div class=\"elementor-element elementor-element-3a41da4 elementor-widget elementor-widget-image\" data-id=\"3a41da4\" data-element_type=\"widget\" data-widget_type=\"image.default\">\n\t\t\t\t<div class=\"elementor-widget-container\">\n\t\t\t\t\t\t\t\t\t\t\t\t\t\t\t<img fetchpriority=\"high\" decoding=\"async\" width=\"661\" height=\"611\" src=\"https:\/\/www.javeriano.edu.co\/javerianonew\/wp-content\/uploads\/2024\/08\/Group-9-2.png\" class=\"attachment-large size-large wp-image-987\" alt=\"\" srcset=\"https:\/\/www.javeriano.edu.co\/javerianonew\/wp-content\/uploads\/2024\/08\/Group-9-2.png 661w, https:\/\/www.javeriano.edu.co\/javerianonew\/wp-content\/uploads\/2024\/08\/Group-9-2-300x277.png 300w\" sizes=\"(max-width: 661px) 100vw, 661px\" \/>\t\t\t\t\t\t\t\t\t\t\t\t\t\t\t<\/div>\n\t\t\t\t<\/div>\n\t\t\t\t<\/div>\n\t\t\t\t\t<\/div>\n\t\t\t\t<\/div>\n\t\t<div class=\"elementor-element elementor-element-b4f11b5 e-flex e-con-boxed e-con e-parent\" data-id=\"b4f11b5\" data-element_type=\"container\">\n\t\t\t\t\t<div class=\"e-con-inner\">\n\t\t<div class=\"elementor-element elementor-element-884b831 e-con-full e-flex e-con e-child\" data-id=\"884b831\" data-element_type=\"container\" data-settings=\"{&quot;background_background&quot;:&quot;classic&quot;}\">\n\t\t\t\t<div class=\"elementor-element elementor-element-217cbd4 elementor-widget elementor-widget-image\" data-id=\"217cbd4\" data-element_type=\"widget\" data-widget_type=\"image.default\">\n\t\t\t\t<div class=\"elementor-widget-container\">\n\t\t\t\t\t\t\t\t\t\t\t\t\t\t\t<img decoding=\"async\" width=\"744\" height=\"543\" src=\"https:\/\/www.javeriano.edu.co\/javerianonew\/wp-content\/uploads\/2024\/08\/Rectangle-98.jpg\" class=\"attachment-large size-large wp-image-991\" alt=\"\" srcset=\"https:\/\/www.javeriano.edu.co\/javerianonew\/wp-content\/uploads\/2024\/08\/Rectangle-98.jpg 744w, https:\/\/www.javeriano.edu.co\/javerianonew\/wp-content\/uploads\/2024\/08\/Rectangle-98-300x219.jpg 300w\" sizes=\"(max-width: 744px) 100vw, 744px\" \/>\t\t\t\t\t\t\t\t\t\t\t\t\t\t\t<\/div>\n\t\t\t\t<\/div>\n\t\t\t\t<\/div>\n\t\t<div class=\"elementor-element elementor-element-10210c7 e-con-full e-flex e-con e-child\" data-id=\"10210c7\" data-element_type=\"container\">\n\t\t\t\t<div class=\"elementor-element elementor-element-350af32 elementor-widget elementor-widget-heading\" data-id=\"350af32\" data-element_type=\"widget\" data-widget_type=\"heading.default\">\n\t\t\t\t<div class=\"elementor-widget-container\">\n\t\t\t\t\t<h2 class=\"elementor-heading-title elementor-size-default\">Claustro Hist\u00f3rico San Francisco Javier<\/h2>\t\t\t\t<\/div>\n\t\t\t\t<\/div>\n\t\t\t\t<div class=\"elementor-element elementor-element-0bedc26 elementor-widget elementor-widget-text-editor\" data-id=\"0bedc26\" data-element_type=\"widget\" data-widget_type=\"text-editor.default\">\n\t\t\t\t<div class=\"elementor-widget-container\">\n\t\t\t\t\t\t\t\t\t<p>El Colegio San Francisco Javier Sede Claustro, fue intervenido entre los a\u00f1os 2012 y 2014 con licencia del Ministerio de Cultura y la Curadur\u00eda Urbana Primera de Pasto, con el fin de actualizar la estructura a las exigencias de la Norma Colombiana de Construcciones Sismo Resistentes NSR-10, vigente a la fecha, el dise\u00f1o contempl\u00f3 un sistema\u00a0 compuesto por una nueva cimentaci\u00f3n, pantallas de hormig\u00f3n reforzado, entrepisos de hormig\u00f3n y estructura de cubierta met\u00e1lica, como soluci\u00f3n integral para conservar las fachadas internas y externas y sus elementos no estructurales.<\/p>\t\t\t\t\t\t\t\t<\/div>\n\t\t\t\t<\/div>\n\t\t\t\t<\/div>\n\t\t\t\t\t<\/div>\n\t\t\t\t<\/div>\n\t\t<div class=\"elementor-element elementor-element-c103cf6 e-flex e-con-boxed e-con e-parent\" data-id=\"c103cf6\" data-element_type=\"container\">\n\t\t\t\t\t<div class=\"e-con-inner\">\n\t\t\t\t<div class=\"elementor-element elementor-element-0170846 elementor-widget elementor-widget-heading\" data-id=\"0170846\" data-element_type=\"widget\" data-widget_type=\"heading.default\">\n\t\t\t\t<div class=\"elementor-widget-container\">\n\t\t\t\t\t<h2 class=\"elementor-heading-title elementor-size-default\">Informaci\u00f3n del edificio<\/h2>\t\t\t\t<\/div>\n\t\t\t\t<\/div>\n\t\t\t\t\t<\/div>\n\t\t\t\t<\/div>\n\t\t<div class=\"elementor-element elementor-element-a8226db e-flex e-con-boxed e-con e-parent\" data-id=\"a8226db\" data-element_type=\"container\">\n\t\t\t\t\t<div class=\"e-con-inner\">\n\t\t<div class=\"elementor-element elementor-element-8adc39e e-con-full e-flex e-con e-child\" data-id=\"8adc39e\" data-element_type=\"container\">\n\t\t\t\t<div class=\"elementor-element elementor-element-6cdd3f2 elementor-widget elementor-widget-text-editor\" data-id=\"6cdd3f2\" data-element_type=\"widget\" data-widget_type=\"text-editor.default\">\n\t\t\t\t<div class=\"elementor-widget-container\">\n\t\t\t\t\t\t\t\t\t<ul><li>Edificio construido entre 1919 y 1925, catalogado como bien de inter\u00e9s cultural, inventariado por monumentos nacionales.<\/li><li>Proyecto de reforzamiento estructural e intervenci\u00f3n arquitect\u00f3nica de uso institucional educativo construido en 3 niveles\u00a0 y s\u00f3tano con un \u00e1rea de 15000 m2 sobre un terreno de 6400 m2\u2028<\/li><li>Aulas para grados 8vo a 11\u2028<\/li><li>Biblioteca\u2028<\/li><li>Teatro para 469 personas<\/li><\/ul>\t\t\t\t\t\t\t\t<\/div>\n\t\t\t\t<\/div>\n\t\t\t\t<\/div>\n\t\t<div class=\"elementor-element elementor-element-ca5857d e-con-full e-flex e-con e-child\" data-id=\"ca5857d\" data-element_type=\"container\">\n\t\t\t\t<div class=\"elementor-element elementor-element-57e3f6e elementor-widget elementor-widget-text-editor\" data-id=\"57e3f6e\" data-element_type=\"widget\" data-widget_type=\"text-editor.default\">\n\t\t\t\t<div class=\"elementor-widget-container\">\n\t\t\t\t\t\t\t\t\t<ul><li>Laboratorios\u2028<\/li><li>Restaurante\u2028<\/li><li>Gimnasio\u2028<\/li><li>Cancha sint\u00e9tica\u2028<\/li><li>Auditorios\u2028<\/li><li>Se inici\u00f3 la obra en junio de 2012, tuvo una duraci\u00f3n de 27 meses y fue concluida e inaugurada en septiembre de 2014.<\/li><\/ul>\t\t\t\t\t\t\t\t<\/div>\n\t\t\t\t<\/div>\n\t\t\t\t<\/div>\n\t\t\t\t\t<\/div>\n\t\t\t\t<\/div>\n\t\t<div class=\"elementor-element elementor-element-a973475 e-flex e-con-boxed e-con e-parent\" data-id=\"a973475\" data-element_type=\"container\">\n\t\t\t\t\t<div class=\"e-con-inner\">\n\t\t<div class=\"elementor-element elementor-element-1dd0a23 e-con-full e-flex e-con e-child\" data-id=\"1dd0a23\" data-element_type=\"container\">\n\t\t\t\t<div class=\"elementor-element elementor-element-b3e8b32 elementor-widget elementor-widget-heading\" data-id=\"b3e8b32\" data-element_type=\"widget\" data-widget_type=\"heading.default\">\n\t\t\t\t<div class=\"elementor-widget-container\">\n\t\t\t\t\t<h2 class=\"elementor-heading-title elementor-size-default\">Sede Aurora Colegio San Francisco Javier<\/h2>\t\t\t\t<\/div>\n\t\t\t\t<\/div>\n\t\t\t\t<div class=\"elementor-element elementor-element-fdf724a elementor-widget elementor-widget-text-editor\" data-id=\"fdf724a\" data-element_type=\"widget\" data-widget_type=\"text-editor.default\">\n\t\t\t\t<div class=\"elementor-widget-container\">\n\t\t\t\t\t\t\t\t\t<p>El Colegio Javeriano Sede Aurora, es un edificio relativamente nuevo con 14 a\u00f1os de servicio a la fecha, fue aprobado con Norma Colombia de Construcciones Sismo Resistentes NSR-98, vigente en su momento, no se han realizado modificaciones estructurales o arquitect\u00f3nicas.<\/p>\t\t\t\t\t\t\t\t<\/div>\n\t\t\t\t<\/div>\n\t\t\t\t<\/div>\n\t\t<div class=\"elementor-element elementor-element-3b3b1ce e-con-full e-flex e-con e-child\" data-id=\"3b3b1ce\" data-element_type=\"container\" data-settings=\"{&quot;background_background&quot;:&quot;classic&quot;}\">\n\t\t\t\t<div class=\"elementor-element elementor-element-3b95295 elementor-widget elementor-widget-image\" data-id=\"3b95295\" data-element_type=\"widget\" data-widget_type=\"image.default\">\n\t\t\t\t<div class=\"elementor-widget-container\">\n\t\t\t\t\t\t\t\t\t\t\t\t\t\t\t<img decoding=\"async\" width=\"696\" height=\"450\" src=\"https:\/\/www.javeriano.edu.co\/javerianonew\/wp-content\/uploads\/2024\/08\/Rectangle-99.jpg\" class=\"attachment-large size-large wp-image-995\" alt=\"\" srcset=\"https:\/\/www.javeriano.edu.co\/javerianonew\/wp-content\/uploads\/2024\/08\/Rectangle-99.jpg 696w, https:\/\/www.javeriano.edu.co\/javerianonew\/wp-content\/uploads\/2024\/08\/Rectangle-99-300x194.jpg 300w\" sizes=\"(max-width: 696px) 100vw, 696px\" \/>\t\t\t\t\t\t\t\t\t\t\t\t\t\t\t<\/div>\n\t\t\t\t<\/div>\n\t\t\t\t<\/div>\n\t\t\t\t\t<\/div>\n\t\t\t\t<\/div>\n\t\t<div class=\"elementor-element elementor-element-246eba5 e-flex e-con-boxed e-con e-parent\" data-id=\"246eba5\" data-element_type=\"container\">\n\t\t\t\t\t<div class=\"e-con-inner\">\n\t\t\t\t<div class=\"elementor-element elementor-element-566983b elementor-widget elementor-widget-heading\" data-id=\"566983b\" data-element_type=\"widget\" data-widget_type=\"heading.default\">\n\t\t\t\t<div class=\"elementor-widget-container\">\n\t\t\t\t\t<h2 class=\"elementor-heading-title elementor-size-default\">Informaci\u00f3n del edificio<\/h2>\t\t\t\t<\/div>\n\t\t\t\t<\/div>\n\t\t\t\t\t<\/div>\n\t\t\t\t<\/div>\n\t\t<div class=\"elementor-element elementor-element-bef3dfc e-flex e-con-boxed e-con e-parent\" data-id=\"bef3dfc\" data-element_type=\"container\">\n\t\t\t\t\t<div class=\"e-con-inner\">\n\t\t<div class=\"elementor-element elementor-element-1ee16d5 e-con-full e-flex e-con e-child\" data-id=\"1ee16d5\" data-element_type=\"container\">\n\t\t\t\t<div class=\"elementor-element elementor-element-8731b24 elementor-widget elementor-widget-text-editor\" data-id=\"8731b24\" data-element_type=\"widget\" data-widget_type=\"text-editor.default\">\n\t\t\t\t<div class=\"elementor-widget-container\">\n\t\t\t\t\t\t\t\t\t<ul><li>Proyecto obra nueva de uso institucional educativo construido en 3 niveles con un \u00e1rea de 12358 m2 sobre un terreno de 23650 m2.\u2028<\/li><li>Aulas para preescolar\u2028<\/li><li>Aulas para primaria\u2028<\/li><li>Aulas para grado 6to y 7mo<\/li><\/ul>\t\t\t\t\t\t\t\t<\/div>\n\t\t\t\t<\/div>\n\t\t\t\t<\/div>\n\t\t<div class=\"elementor-element elementor-element-2137db7 e-con-full e-flex e-con e-child\" data-id=\"2137db7\" data-element_type=\"container\">\n\t\t\t\t<div class=\"elementor-element elementor-element-a829d41 elementor-widget elementor-widget-text-editor\" data-id=\"a829d41\" data-element_type=\"widget\" data-widget_type=\"text-editor.default\">\n\t\t\t\t<div class=\"elementor-widget-container\">\n\t\t\t\t\t\t\t\t\t<ul><li>Auditorio para 120 personas\u2028<\/li><li>Capilla<\/li><li>\u00c1rea deportiva compuesta por canchas sint\u00e9ticas y canchas de baloncesto.\u2028<\/li><li>Se inici\u00f3 la obra en septiembre de 2010, tuvo una duraci\u00f3n de 8 meses, y se inaugur\u00f3 en mayo de 2011.<\/li><\/ul>\t\t\t\t\t\t\t\t<\/div>\n\t\t\t\t<\/div>\n\t\t\t\t<\/div>\n\t\t\t\t\t<\/div>\n\t\t\t\t<\/div>\n\t\t<div class=\"elementor-element elementor-element-00a9560 e-flex e-con-boxed e-con e-parent\" data-id=\"00a9560\" data-element_type=\"container\">\n\t\t\t\t\t<div class=\"e-con-inner\">\n\t\t\t\t<div class=\"elementor-element elementor-element-efb1453 elementor-widget elementor-widget-heading\" data-id=\"efb1453\" data-element_type=\"widget\" data-widget_type=\"heading.default\">\n\t\t\t\t<div class=\"elementor-widget-container\">\n\t\t\t\t\t<h2 class=\"elementor-heading-title elementor-size-default\">Galer\u00eda<\/h2>\t\t\t\t<\/div>\n\t\t\t\t<\/div>\n\t\t\t\t<div class=\"elementor-element elementor-element-68baded elementor-widget-divider--view-line elementor-widget elementor-widget-divider\" data-id=\"68baded\" data-element_type=\"widget\" data-widget_type=\"divider.default\">\n\t\t\t\t<div class=\"elementor-widget-container\">\n\t\t\t\t\t\t\t<div class=\"elementor-divider\">\n\t\t\t<span class=\"elementor-divider-separator\">\n\t\t\t\t\t\t<\/span>\n\t\t<\/div>\n\t\t\t\t\t\t<\/div>\n\t\t\t\t<\/div>\n\t\t\t\t<div class=\"elementor-element elementor-element-098bf81 elementor-widget elementor-widget-gallery\" data-id=\"098bf81\" data-element_type=\"widget\" data-settings=\"{&quot;columns_mobile&quot;:2,&quot;lazyload&quot;:&quot;yes&quot;,&quot;gallery_layout&quot;:&quot;grid&quot;,&quot;columns&quot;:4,&quot;columns_tablet&quot;:2,&quot;gap&quot;:{&quot;unit&quot;:&quot;px&quot;,&quot;size&quot;:10,&quot;sizes&quot;:[]},&quot;gap_tablet&quot;:{&quot;unit&quot;:&quot;px&quot;,&quot;size&quot;:10,&quot;sizes&quot;:[]},&quot;gap_mobile&quot;:{&quot;unit&quot;:&quot;px&quot;,&quot;size&quot;:10,&quot;sizes&quot;:[]},&quot;link_to&quot;:&quot;file&quot;,&quot;aspect_ratio&quot;:&quot;3:2&quot;,&quot;overlay_background&quot;:&quot;yes&quot;,&quot;content_hover_animation&quot;:&quot;fade-in&quot;}\" data-widget_type=\"gallery.default\">\n\t\t\t\t<div class=\"elementor-widget-container\">\n\t\t\t\t\t\t\t<div class=\"elementor-gallery__container\">\n\t\t\t\t\t\t\t<a class=\"e-gallery-item elementor-gallery-item elementor-animated-content\" href=\"https:\/\/www.javeriano.edu.co\/javerianonew\/wp-content\/uploads\/2024\/09\/DSC04607.jpg\" data-elementor-open-lightbox=\"yes\" data-elementor-lightbox-slideshow=\"098bf81\" data-elementor-lightbox-title=\"DSC04607\" data-e-action-hash=\"#elementor-action%3Aaction%3Dlightbox%26settings%3DeyJpZCI6MTY4NCwidXJsIjoiaHR0cHM6XC9cL3d3dy5qYXZlcmlhbm8uZWR1LmNvXC9qYXZlcmlhbm9uZXdcL3dwLWNvbnRlbnRcL3VwbG9hZHNcLzIwMjRcLzA5XC9EU0MwNDYwNy5qcGciLCJzbGlkZXNob3ciOiIwOThiZjgxIn0%3D\">\n\t\t\t\t\t<div class=\"e-gallery-image elementor-gallery-item__image\" data-thumbnail=\"https:\/\/www.javeriano.edu.co\/javerianonew\/wp-content\/uploads\/2024\/09\/DSC04607-300x169.jpg\" data-width=\"300\" data-height=\"169\" aria-label=\"\" role=\"img\" ><\/div>\n\t\t\t\t\t\t\t\t\t\t\t<div class=\"elementor-gallery-item__overlay\"><\/div>\n\t\t\t\t\t\t\t\t\t\t\t\t\t\t<\/a>\n\t\t\t\t\t\t\t<a class=\"e-gallery-item elementor-gallery-item elementor-animated-content\" href=\"https:\/\/www.javeriano.edu.co\/javerianonew\/wp-content\/uploads\/2024\/09\/IMG_1091.jpg\" data-elementor-open-lightbox=\"yes\" data-elementor-lightbox-slideshow=\"098bf81\" data-elementor-lightbox-title=\"IMG_1091\" data-e-action-hash=\"#elementor-action%3Aaction%3Dlightbox%26settings%3DeyJpZCI6MTY4NSwidXJsIjoiaHR0cHM6XC9cL3d3dy5qYXZlcmlhbm8uZWR1LmNvXC9qYXZlcmlhbm9uZXdcL3dwLWNvbnRlbnRcL3VwbG9hZHNcLzIwMjRcLzA5XC9JTUdfMTA5MS5qcGciLCJzbGlkZXNob3ciOiIwOThiZjgxIn0%3D\">\n\t\t\t\t\t<div class=\"e-gallery-image elementor-gallery-item__image\" data-thumbnail=\"https:\/\/www.javeriano.edu.co\/javerianonew\/wp-content\/uploads\/2024\/09\/IMG_1091-300x225.jpg\" data-width=\"300\" data-height=\"225\" aria-label=\"\" role=\"img\" ><\/div>\n\t\t\t\t\t\t\t\t\t\t\t<div class=\"elementor-gallery-item__overlay\"><\/div>\n\t\t\t\t\t\t\t\t\t\t\t\t\t\t<\/a>\n\t\t\t\t\t\t\t<a class=\"e-gallery-item elementor-gallery-item elementor-animated-content\" href=\"https:\/\/www.javeriano.edu.co\/javerianonew\/wp-content\/uploads\/2024\/09\/IMG_2440.jpg\" data-elementor-open-lightbox=\"yes\" data-elementor-lightbox-slideshow=\"098bf81\" data-elementor-lightbox-title=\"IMG_2440\" data-e-action-hash=\"#elementor-action%3Aaction%3Dlightbox%26settings%3DeyJpZCI6MTY4NiwidXJsIjoiaHR0cHM6XC9cL3d3dy5qYXZlcmlhbm8uZWR1LmNvXC9qYXZlcmlhbm9uZXdcL3dwLWNvbnRlbnRcL3VwbG9hZHNcLzIwMjRcLzA5XC9JTUdfMjQ0MC5qcGciLCJzbGlkZXNob3ciOiIwOThiZjgxIn0%3D\">\n\t\t\t\t\t<div class=\"e-gallery-image elementor-gallery-item__image\" data-thumbnail=\"https:\/\/www.javeriano.edu.co\/javerianonew\/wp-content\/uploads\/2024\/09\/IMG_2440-300x225.jpg\" data-width=\"300\" data-height=\"225\" aria-label=\"\" role=\"img\" ><\/div>\n\t\t\t\t\t\t\t\t\t\t\t<div class=\"elementor-gallery-item__overlay\"><\/div>\n\t\t\t\t\t\t\t\t\t\t\t\t\t\t<\/a>\n\t\t\t\t\t\t\t<a class=\"e-gallery-item elementor-gallery-item elementor-animated-content\" href=\"https:\/\/www.javeriano.edu.co\/javerianonew\/wp-content\/uploads\/2024\/09\/IMG_2490.jpeg\" data-elementor-open-lightbox=\"yes\" data-elementor-lightbox-slideshow=\"098bf81\" data-elementor-lightbox-title=\"IMG_2490\" data-e-action-hash=\"#elementor-action%3Aaction%3Dlightbox%26settings%3DeyJpZCI6MTY4NywidXJsIjoiaHR0cHM6XC9cL3d3dy5qYXZlcmlhbm8uZWR1LmNvXC9qYXZlcmlhbm9uZXdcL3dwLWNvbnRlbnRcL3VwbG9hZHNcLzIwMjRcLzA5XC9JTUdfMjQ5MC5qcGVnIiwic2xpZGVzaG93IjoiMDk4YmY4MSJ9\">\n\t\t\t\t\t<div class=\"e-gallery-image elementor-gallery-item__image\" data-thumbnail=\"https:\/\/www.javeriano.edu.co\/javerianonew\/wp-content\/uploads\/2024\/09\/IMG_2490-300x225.jpeg\" data-width=\"300\" data-height=\"225\" aria-label=\"\" role=\"img\" ><\/div>\n\t\t\t\t\t\t\t\t\t\t\t<div class=\"elementor-gallery-item__overlay\"><\/div>\n\t\t\t\t\t\t\t\t\t\t\t\t\t\t<\/a>\n\t\t\t\t\t\t\t<a class=\"e-gallery-item elementor-gallery-item elementor-animated-content\" href=\"https:\/\/www.javeriano.edu.co\/javerianonew\/wp-content\/uploads\/2024\/09\/IMG_3694.jpg\" data-elementor-open-lightbox=\"yes\" data-elementor-lightbox-slideshow=\"098bf81\" data-elementor-lightbox-title=\"IMG_3694\" data-e-action-hash=\"#elementor-action%3Aaction%3Dlightbox%26settings%3DeyJpZCI6MTY4OCwidXJsIjoiaHR0cHM6XC9cL3d3dy5qYXZlcmlhbm8uZWR1LmNvXC9qYXZlcmlhbm9uZXdcL3dwLWNvbnRlbnRcL3VwbG9hZHNcLzIwMjRcLzA5XC9JTUdfMzY5NC5qcGciLCJzbGlkZXNob3ciOiIwOThiZjgxIn0%3D\">\n\t\t\t\t\t<div class=\"e-gallery-image elementor-gallery-item__image\" data-thumbnail=\"https:\/\/www.javeriano.edu.co\/javerianonew\/wp-content\/uploads\/2024\/09\/IMG_3694-300x225.jpg\" data-width=\"300\" data-height=\"225\" aria-label=\"\" role=\"img\" ><\/div>\n\t\t\t\t\t\t\t\t\t\t\t<div class=\"elementor-gallery-item__overlay\"><\/div>\n\t\t\t\t\t\t\t\t\t\t\t\t\t\t<\/a>\n\t\t\t\t\t\t\t<a class=\"e-gallery-item elementor-gallery-item elementor-animated-content\" href=\"https:\/\/www.javeriano.edu.co\/javerianonew\/wp-content\/uploads\/2024\/09\/IMG_4854.jpg\" data-elementor-open-lightbox=\"yes\" data-elementor-lightbox-slideshow=\"098bf81\" data-elementor-lightbox-title=\"IMG_4854\" data-e-action-hash=\"#elementor-action%3Aaction%3Dlightbox%26settings%3DeyJpZCI6MTY4OSwidXJsIjoiaHR0cHM6XC9cL3d3dy5qYXZlcmlhbm8uZWR1LmNvXC9qYXZlcmlhbm9uZXdcL3dwLWNvbnRlbnRcL3VwbG9hZHNcLzIwMjRcLzA5XC9JTUdfNDg1NC5qcGciLCJzbGlkZXNob3ciOiIwOThiZjgxIn0%3D\">\n\t\t\t\t\t<div class=\"e-gallery-image elementor-gallery-item__image\" data-thumbnail=\"https:\/\/www.javeriano.edu.co\/javerianonew\/wp-content\/uploads\/2024\/09\/IMG_4854-300x200.jpg\" data-width=\"300\" data-height=\"200\" aria-label=\"\" role=\"img\" ><\/div>\n\t\t\t\t\t\t\t\t\t\t\t<div class=\"elementor-gallery-item__overlay\"><\/div>\n\t\t\t\t\t\t\t\t\t\t\t\t\t\t<\/a>\n\t\t\t\t\t\t\t<a class=\"e-gallery-item elementor-gallery-item elementor-animated-content\" href=\"https:\/\/www.javeriano.edu.co\/javerianonew\/wp-content\/uploads\/2024\/09\/IMG_5390.jpg\" data-elementor-open-lightbox=\"yes\" data-elementor-lightbox-slideshow=\"098bf81\" data-elementor-lightbox-title=\"IMG_5390\" data-e-action-hash=\"#elementor-action%3Aaction%3Dlightbox%26settings%3DeyJpZCI6MTY5MCwidXJsIjoiaHR0cHM6XC9cL3d3dy5qYXZlcmlhbm8uZWR1LmNvXC9qYXZlcmlhbm9uZXdcL3dwLWNvbnRlbnRcL3VwbG9hZHNcLzIwMjRcLzA5XC9JTUdfNTM5MC5qcGciLCJzbGlkZXNob3ciOiIwOThiZjgxIn0%3D\">\n\t\t\t\t\t<div class=\"e-gallery-image elementor-gallery-item__image\" data-thumbnail=\"https:\/\/www.javeriano.edu.co\/javerianonew\/wp-content\/uploads\/2024\/09\/IMG_5390-300x200.jpg\" data-width=\"300\" data-height=\"200\" aria-label=\"\" role=\"img\" ><\/div>\n\t\t\t\t\t\t\t\t\t\t\t<div class=\"elementor-gallery-item__overlay\"><\/div>\n\t\t\t\t\t\t\t\t\t\t\t\t\t\t<\/a>\n\t\t\t\t\t<\/div>\n\t\t\t\t\t<\/div>\n\t\t\t\t<\/div>\n\t\t\t\t\t<\/div>\n\t\t\t\t<\/div>\n\t\t<div class=\"elementor-element elementor-element-8f8c9de e-flex e-con-boxed e-con e-parent\" data-id=\"8f8c9de\" data-element_type=\"container\">\n\t\t\t\t\t<div class=\"e-con-inner\">\n\t\t\t\t<div class=\"elementor-element elementor-element-49e7130 elementor-widget elementor-widget-heading\" data-id=\"49e7130\" data-element_type=\"widget\" data-widget_type=\"heading.default\">\n\t\t\t\t<div class=\"elementor-widget-container\">\n\t\t\t\t\t<h2 class=\"elementor-heading-title elementor-size-default\">Servicios<\/h2>\t\t\t\t<\/div>\n\t\t\t\t<\/div>\n\t\t\t\t<div class=\"elementor-element elementor-element-94601c3 elementor-widget-divider--view-line elementor-widget elementor-widget-divider\" data-id=\"94601c3\" data-element_type=\"widget\" data-widget_type=\"divider.default\">\n\t\t\t\t<div class=\"elementor-widget-container\">\n\t\t\t\t\t\t\t<div class=\"elementor-divider\">\n\t\t\t<span class=\"elementor-divider-separator\">\n\t\t\t\t\t\t<\/span>\n\t\t<\/div>\n\t\t\t\t\t\t<\/div>\n\t\t\t\t<\/div>\n\t\t\t\t<div class=\"elementor-element elementor-element-e81bdda elementor-widget elementor-widget-text-editor\" data-id=\"e81bdda\" data-element_type=\"widget\" data-widget_type=\"text-editor.default\">\n\t\t\t\t<div class=\"elementor-widget-container\">\n\t\t\t\t\t\t\t\t\t<p>El Colegio San Francisco Javier cuenta con espacios dise\u00f1ados y dotados para grupos con intereses investigativos, actividades acad\u00e9micas, culturales y visitas guiadas.<\/p><p>Puede contactar a la Gerencia de Planta para solicitar m\u00e1s informaci\u00f3n de los siguientes espacios:<\/p>\t\t\t\t\t\t\t\t<\/div>\n\t\t\t\t<\/div>\n\t\t\t\t\t<\/div>\n\t\t\t\t<\/div>\n\t\t<div class=\"elementor-element elementor-element-02eb195 e-flex e-con-boxed e-con e-parent\" data-id=\"02eb195\" data-element_type=\"container\">\n\t\t\t\t\t<div class=\"e-con-inner\">\n\t\t<div class=\"elementor-element elementor-element-d7e431f e-con-full e-flex e-con e-child\" data-id=\"d7e431f\" data-element_type=\"container\" data-settings=\"{&quot;background_background&quot;:&quot;classic&quot;}\">\n\t\t\t\t<div class=\"elementor-element elementor-element-d65a420 elementor-widget elementor-widget-image\" data-id=\"d65a420\" data-element_type=\"widget\" data-widget_type=\"image.default\">\n\t\t\t\t<div class=\"elementor-widget-container\">\n\t\t\t\t\t\t\t\t\t\t\t\t\t\t\t<img loading=\"lazy\" decoding=\"async\" width=\"599\" height=\"297\" src=\"https:\/\/www.javeriano.edu.co\/javerianonew\/wp-content\/uploads\/2024\/09\/Rectangle-71.png\" class=\"attachment-large size-large wp-image-1709\" alt=\"\" srcset=\"https:\/\/www.javeriano.edu.co\/javerianonew\/wp-content\/uploads\/2024\/09\/Rectangle-71.png 599w, https:\/\/www.javeriano.edu.co\/javerianonew\/wp-content\/uploads\/2024\/09\/Rectangle-71-300x149.png 300w\" sizes=\"(max-width: 599px) 100vw, 599px\" \/>\t\t\t\t\t\t\t\t\t\t\t\t\t\t\t<\/div>\n\t\t\t\t<\/div>\n\t\t\t\t<div class=\"elementor-element elementor-element-f40065e elementor-widget elementor-widget-heading\" data-id=\"f40065e\" data-element_type=\"widget\" data-widget_type=\"heading.default\">\n\t\t\t\t<div class=\"elementor-widget-container\">\n\t\t\t\t\t<h2 class=\"elementor-heading-title elementor-size-default\">Teatro Javeriano<\/h2>\t\t\t\t<\/div>\n\t\t\t\t<\/div>\n\t\t\t\t<div class=\"elementor-element elementor-element-ca4193d elementor-widget elementor-widget-text-editor\" data-id=\"ca4193d\" data-element_type=\"widget\" data-widget_type=\"text-editor.default\">\n\t\t\t\t<div class=\"elementor-widget-container\">\n\t\t\t\t\t\t\t\t\t<p>Aforo para 469 personas.\u00a0<\/p>\t\t\t\t\t\t\t\t<\/div>\n\t\t\t\t<\/div>\n\t\t\t\t<div class=\"elementor-element elementor-element-404a98d elementor-widget elementor-widget-image\" data-id=\"404a98d\" data-element_type=\"widget\" data-widget_type=\"image.default\">\n\t\t\t\t<div class=\"elementor-widget-container\">\n\t\t\t\t\t\t\t\t\t\t\t\t\t\t\t<img loading=\"lazy\" decoding=\"async\" width=\"599\" height=\"297\" src=\"https:\/\/www.javeriano.edu.co\/javerianonew\/wp-content\/uploads\/2024\/09\/Rectangle-71-1.png\" class=\"attachment-large size-large wp-image-1711\" alt=\"\" srcset=\"https:\/\/www.javeriano.edu.co\/javerianonew\/wp-content\/uploads\/2024\/09\/Rectangle-71-1.png 599w, https:\/\/www.javeriano.edu.co\/javerianonew\/wp-content\/uploads\/2024\/09\/Rectangle-71-1-300x149.png 300w\" sizes=\"(max-width: 599px) 100vw, 599px\" \/>\t\t\t\t\t\t\t\t\t\t\t\t\t\t\t<\/div>\n\t\t\t\t<\/div>\n\t\t\t\t<div class=\"elementor-element elementor-element-694e49e elementor-widget elementor-widget-heading\" data-id=\"694e49e\" data-element_type=\"widget\" data-widget_type=\"heading.default\">\n\t\t\t\t<div class=\"elementor-widget-container\">\n\t\t\t\t\t<h2 class=\"elementor-heading-title elementor-size-default\">Sala Luis Gamero S.J.<\/h2>\t\t\t\t<\/div>\n\t\t\t\t<\/div>\n\t\t\t\t<div class=\"elementor-element elementor-element-9a781b6 elementor-widget elementor-widget-text-editor\" data-id=\"9a781b6\" data-element_type=\"widget\" data-widget_type=\"text-editor.default\">\n\t\t\t\t<div class=\"elementor-widget-container\">\n\t\t\t\t\t\t\t\t\t<p>Aforo para 350 personas.\u00a0<\/p>\t\t\t\t\t\t\t\t<\/div>\n\t\t\t\t<\/div>\n\t\t\t\t<\/div>\n\t\t<div class=\"elementor-element elementor-element-5f5f62c e-con-full e-flex e-con e-child\" data-id=\"5f5f62c\" data-element_type=\"container\" data-settings=\"{&quot;background_background&quot;:&quot;classic&quot;}\">\n\t\t\t\t<div class=\"elementor-element elementor-element-8ae8b24 elementor-widget elementor-widget-image\" data-id=\"8ae8b24\" data-element_type=\"widget\" data-widget_type=\"image.default\">\n\t\t\t\t<div class=\"elementor-widget-container\">\n\t\t\t\t\t\t\t\t\t\t\t\t\t\t\t<img loading=\"lazy\" decoding=\"async\" width=\"599\" height=\"298\" src=\"https:\/\/www.javeriano.edu.co\/javerianonew\/wp-content\/uploads\/2024\/09\/Rectangle-76.png\" class=\"attachment-large size-large wp-image-1712\" alt=\"\" srcset=\"https:\/\/www.javeriano.edu.co\/javerianonew\/wp-content\/uploads\/2024\/09\/Rectangle-76.png 599w, https:\/\/www.javeriano.edu.co\/javerianonew\/wp-content\/uploads\/2024\/09\/Rectangle-76-300x149.png 300w\" sizes=\"(max-width: 599px) 100vw, 599px\" \/>\t\t\t\t\t\t\t\t\t\t\t\t\t\t\t<\/div>\n\t\t\t\t<\/div>\n\t\t\t\t<div class=\"elementor-element elementor-element-4cbe91e elementor-widget elementor-widget-heading\" data-id=\"4cbe91e\" data-element_type=\"widget\" data-widget_type=\"heading.default\">\n\t\t\t\t<div class=\"elementor-widget-container\">\n\t\t\t\t\t<h2 class=\"elementor-heading-title elementor-size-default\">Capilla San Francisco Javier<\/h2>\t\t\t\t<\/div>\n\t\t\t\t<\/div>\n\t\t\t\t<div class=\"elementor-element elementor-element-546cb52 elementor-widget elementor-widget-text-editor\" data-id=\"546cb52\" data-element_type=\"widget\" data-widget_type=\"text-editor.default\">\n\t\t\t\t<div class=\"elementor-widget-container\">\n\t\t\t\t\t\t\t\t\t<p>Aforo para 35 personas.<\/p>\t\t\t\t\t\t\t\t<\/div>\n\t\t\t\t<\/div>\n\t\t\t\t<div class=\"elementor-element elementor-element-be5f858 elementor-widget elementor-widget-image\" data-id=\"be5f858\" data-element_type=\"widget\" data-widget_type=\"image.default\">\n\t\t\t\t<div class=\"elementor-widget-container\">\n\t\t\t\t\t\t\t\t\t\t\t\t\t\t\t<img loading=\"lazy\" decoding=\"async\" width=\"599\" height=\"295\" src=\"https:\/\/www.javeriano.edu.co\/javerianonew\/wp-content\/uploads\/2024\/09\/Rectangle-80.png\" class=\"attachment-large size-large wp-image-1713\" alt=\"\" srcset=\"https:\/\/www.javeriano.edu.co\/javerianonew\/wp-content\/uploads\/2024\/09\/Rectangle-80.png 599w, https:\/\/www.javeriano.edu.co\/javerianonew\/wp-content\/uploads\/2024\/09\/Rectangle-80-300x148.png 300w\" sizes=\"(max-width: 599px) 100vw, 599px\" \/>\t\t\t\t\t\t\t\t\t\t\t\t\t\t\t<\/div>\n\t\t\t\t<\/div>\n\t\t\t\t<div class=\"elementor-element elementor-element-cebedfa elementor-widget elementor-widget-heading\" data-id=\"cebedfa\" data-element_type=\"widget\" data-widget_type=\"heading.default\">\n\t\t\t\t<div class=\"elementor-widget-container\">\n\t\t\t\t\t<h2 class=\"elementor-heading-title elementor-size-default\">Patio cubierto interno<\/h2>\t\t\t\t<\/div>\n\t\t\t\t<\/div>\n\t\t\t\t<div class=\"elementor-element elementor-element-a555caa elementor-widget elementor-widget-text-editor\" data-id=\"a555caa\" data-element_type=\"widget\" data-widget_type=\"text-editor.default\">\n\t\t\t\t<div class=\"elementor-widget-container\">\n\t\t\t\t\t\t\t\t\t<p>Aforo para 200 personas.\u00a0<\/p>\t\t\t\t\t\t\t\t<\/div>\n\t\t\t\t<\/div>\n\t\t\t\t<\/div>\n\t\t\t\t\t<\/div>\n\t\t\t\t<\/div>\n\t\t<div class=\"elementor-element elementor-element-e175430 e-flex e-con-boxed e-con e-parent\" data-id=\"e175430\" data-element_type=\"container\">\n\t\t\t\t\t<div class=\"e-con-inner\">\n\t\t<div class=\"elementor-element elementor-element-3402468 e-con-full e-flex e-con e-child\" data-id=\"3402468\" data-element_type=\"container\" data-settings=\"{&quot;background_background&quot;:&quot;classic&quot;}\">\n\t\t\t\t<div class=\"elementor-element elementor-element-8b7502b elementor-widget elementor-widget-image\" data-id=\"8b7502b\" data-element_type=\"widget\" data-widget_type=\"image.default\">\n\t\t\t\t<div class=\"elementor-widget-container\">\n\t\t\t\t\t\t\t\t\t\t\t\t\t\t\t<img loading=\"lazy\" decoding=\"async\" width=\"599\" height=\"296\" src=\"https:\/\/www.javeriano.edu.co\/javerianonew\/wp-content\/uploads\/2024\/09\/Rectangle-82.png\" class=\"attachment-large size-large wp-image-1714\" alt=\"\" srcset=\"https:\/\/www.javeriano.edu.co\/javerianonew\/wp-content\/uploads\/2024\/09\/Rectangle-82.png 599w, https:\/\/www.javeriano.edu.co\/javerianonew\/wp-content\/uploads\/2024\/09\/Rectangle-82-300x148.png 300w\" sizes=\"(max-width: 599px) 100vw, 599px\" \/>\t\t\t\t\t\t\t\t\t\t\t\t\t\t\t<\/div>\n\t\t\t\t<\/div>\n\t\t\t\t<div class=\"elementor-element elementor-element-06f1a77 elementor-widget elementor-widget-heading\" data-id=\"06f1a77\" data-element_type=\"widget\" data-widget_type=\"heading.default\">\n\t\t\t\t<div class=\"elementor-widget-container\">\n\t\t\t\t\t<h2 class=\"elementor-heading-title elementor-size-default\">Canchas Sint\u00e9ticas de f\u00fatbol<\/h2>\t\t\t\t<\/div>\n\t\t\t\t<\/div>\n\t\t\t\t<\/div>\n\t\t<div class=\"elementor-element elementor-element-4f6e458 e-con-full e-flex e-con e-child\" data-id=\"4f6e458\" data-element_type=\"container\" data-settings=\"{&quot;background_background&quot;:&quot;classic&quot;}\">\n\t\t\t\t<div class=\"elementor-element elementor-element-76b11e7 elementor-widget elementor-widget-image\" data-id=\"76b11e7\" data-element_type=\"widget\" data-widget_type=\"image.default\">\n\t\t\t\t<div class=\"elementor-widget-container\">\n\t\t\t\t\t\t\t\t\t\t\t\t\t\t\t<img loading=\"lazy\" decoding=\"async\" width=\"599\" height=\"294\" src=\"https:\/\/www.javeriano.edu.co\/javerianonew\/wp-content\/uploads\/2024\/09\/Rectangle-84.png\" class=\"attachment-large size-large wp-image-1715\" alt=\"\" srcset=\"https:\/\/www.javeriano.edu.co\/javerianonew\/wp-content\/uploads\/2024\/09\/Rectangle-84.png 599w, https:\/\/www.javeriano.edu.co\/javerianonew\/wp-content\/uploads\/2024\/09\/Rectangle-84-300x147.png 300w\" sizes=\"(max-width: 599px) 100vw, 599px\" \/>\t\t\t\t\t\t\t\t\t\t\t\t\t\t\t<\/div>\n\t\t\t\t<\/div>\n\t\t\t\t<div class=\"elementor-element elementor-element-04c8d87 elementor-widget elementor-widget-heading\" data-id=\"04c8d87\" data-element_type=\"widget\" data-widget_type=\"heading.default\">\n\t\t\t\t<div class=\"elementor-widget-container\">\n\t\t\t\t\t<h2 class=\"elementor-heading-title elementor-size-default\">Canchas de basquetbol en cualquier sede<\/h2>\t\t\t\t<\/div>\n\t\t\t\t<\/div>\n\t\t\t\t<\/div>\n\t\t\t\t\t<\/div>\n\t\t\t\t<\/div>\n\t\t\t\t<\/div>\n\t\t","protected":false},"excerpt":{"rendered":"<p>Nuestros espacios Espacios hist\u00f3ricos para la educaci\u00f3n El Colegio San Francisco Javier en el a\u00f1o 2010 iniciando el rectorado del P. Gerardo Arango Puerta S.J. emprendi\u00f3 importantes proyectos para la [&hellip;]<\/p>\n","protected":false},"author":1,"featured_media":0,"parent":0,"menu_order":0,"comment_status":"closed","ping_status":"closed","template":"","meta":{"_acf_changed":false,"footnotes":""},"class_list":["post-984","page","type-page","status-publish","hentry"],"acf":[],"_links":{"self":[{"href":"https:\/\/www.javeriano.edu.co\/javerianonew\/wp-json\/wp\/v2\/pages\/984"}],"collection":[{"href":"https:\/\/www.javeriano.edu.co\/javerianonew\/wp-json\/wp\/v2\/pages"}],"about":[{"href":"https:\/\/www.javeriano.edu.co\/javerianonew\/wp-json\/wp\/v2\/types\/page"}],"author":[{"embeddable":true,"href":"https:\/\/www.javeriano.edu.co\/javerianonew\/wp-json\/wp\/v2\/users\/1"}],"replies":[{"embeddable":true,"href":"https:\/\/www.javeriano.edu.co\/javerianonew\/wp-json\/wp\/v2\/comments?post=984"}],"version-history":[{"count":5,"href":"https:\/\/www.javeriano.edu.co\/javerianonew\/wp-json\/wp\/v2\/pages\/984\/revisions"}],"predecessor-version":[{"id":2784,"href":"https:\/\/www.javeriano.edu.co\/javerianonew\/wp-json\/wp\/v2\/pages\/984\/revisions\/2784"}],"wp:attachment":[{"href":"https:\/\/www.javeriano.edu.co\/javerianonew\/wp-json\/wp\/v2\/media?parent=984"}],"curies":[{"name":"wp","href":"https:\/\/api.w.org\/{rel}","templated":true}]}}